{"id":666,"date":"2023-10-23T17:00:49","date_gmt":"2023-10-23T15:00:49","guid":{"rendered":"https:\/\/rencontrescinemas.eu\/2023\/?post_type=related&#038;p=666"},"modified":"2023-11-15T18:18:42","modified_gmt":"2023-11-15T17:18:42","slug":"les-dossiers-de-lecran-2","status":"publish","type":"related","link":"https:\/\/rencontrescinemas.eu\/2023\/related\/les-dossiers-de-lecran-2\/","title":{"rendered":"Les dossiers de l&rsquo;\u00e9cran 2"},"content":{"rendered":"\n<p>J<em>eudi 23 novembre \u00e0 13h30 &#8211; Bistrot des Rencontres, entr\u00e9e libre<\/em><\/p>\n\n\n\n<p>Caf\u00e9-discussion sur les jeunes et le cin\u00e9ma, venez avec vos id\u00e9es, on vous offre le caf\u00e9 !<\/p>\n\n\n\n<p>Dans les ann\u00e9es 1990, les moins de 25 ans repr\u00e9sentaient 45 % du public des cin\u00e9mas, selon les chiffres du CNC. Ce<br>chiffre n\u2019a cess\u00e9 de baisser. Plusieurs facteurs peuvent expliquer cette tendance.<br>Le vieillissement de la population fran\u00e7aise est une premi\u00e8re raison. Le poids des moins de 20 ans dans la d\u00e9mographie ne cesse de baisser quand celui des seniors augmente. Les salles de cin\u00e9ma ont aussi vu appara\u00eetre la concurrence du t\u00e9l\u00e9chargement ill\u00e9gal puis du streaming dans les ann\u00e9es 2000. Une pratique qui concerne surtout les 15-24 ans, rappelait une \u00e9tude du CNC en 2015. Suite \u00e0 l\u2019\u00e9pisode Covid et \u00e0 plusieurs mois de fermeture, les salles de cin\u00e9ma veulent reconqu\u00e9rir leur public notamment en d\u00e9veloppant plus massivement des actions envers les 15-25 ans. De nombreuses propositions ont \u00e9t\u00e9 mises en place par la fili\u00e8re Cin\u00e9ma, le Minist\u00e8re de la Culture et le Centre National de la Cin\u00e9matographie et de l\u2019Image Anim\u00e9e (CNC) pour faciliter l\u2019acc\u00e8s des jeunes en salles : Pass R\u00e9gion, Pass Culture, d\u00e9veloppement de poste de m\u00e9diateurs, fonds jeunes cin\u00e9philes etc. Malgr\u00e9 toutes ces mesures, quel rapport ont les jeunes avec la salle de cin\u00e9ma ? Quelles \u00e9volutions des pratiques depuis la r\u00e9ouverture des salles ? qu\u2019est-ce que voir un film ensemble et l\u2019importance de la mixit\u00e9 des publics ? \u2026 Autant de questions et r\u00e9ponses que nous aimerions partager avec vous autour d\u2019un caf\u00e9 au bistrot des Rencontres !<\/p>\n\n\n\n<p><br>En pr\u00e9sence de David Obadia, D\u00e9l\u00e9gu\u00e9 G\u00e9n\u00e9ral et Mathieu Guilloux, Coordinateur du Comit\u00e9 15-25 ans, de l&rsquo;Association Fran\u00e7aise des Cin\u00e9mas Art et d&rsquo;Essai, de Coline Anxionnaz, charg\u00e9e de mission R\u00e9seau M\u00e9diation Cin\u00e9ma \u2013 GRAC ; d\u2019Olivier Gouttenoire de l\u2019ACRIRA &#8211; Coordination Rh\u00f4ne-Alpes Passeurs d\u2019images ; de Lise Richoux, m\u00e9diatrice de l\u2019association des \u00c9crans Dr\u00f4me-Ard\u00e8che ; et des repr\u00e9sentants du Pass Culture.<\/p>\n\n\n\n<p><br>En partenariat avec l\u2019Association <a href=\"https:\/\/rezonance.media\/\" target=\"_blank\" rel=\"noreferrer noopener\">reZonance<\/a> dans le cadre du projet MEDIAPOP, captation vid\u00e9o du caf\u00e9-discussion et micro-trottoir sur les jeunes et leurs rapports au cin\u00e9ma.<\/p>\n\n\n\n<p>Tu as entre 15 et 25 ans ?<a href=\"https:\/\/framaforms.org\/soyez-sympas-participez-1699026962\" target=\"_blank\" rel=\"noreferrer noopener\"> R\u00e9ponds au sondage<\/a> qui alimentera la discussion !<\/p>\n","protected":false},"featured_media":667,"template":"","category-related":[],"class_list":["post-666","related","type-related","status-publish","has-post-thumbnail","hentry"],"yoast_head":"<!-- This site is optimized with the Yoast SEO plugin v17.5 - https:\/\/yoast.com\/wordpress\/plugins\/seo\/ -->\n<title>Les dossiers de l&#039;\u00e9cran 2 - RCE 23<\/title>\n<meta name=\"robots\" content=\"index, follow, max-snippet:-1, max-image-preview:large, max-video-preview:-1\" \/>\n<link rel=\"canonical\" href=\"https:\/\/rencontrescinemas.eu\/2023\/related\/les-dossiers-de-lecran-2\/\" \/>\n<meta property=\"og:locale\" content=\"fr_FR\" \/>\n<meta property=\"og:type\" content=\"article\" \/>\n<meta property=\"og:title\" content=\"Les dossiers de l&#039;\u00e9cran 2 - RCE 23\" \/>\n<meta property=\"og:description\" content=\"Jeudi 23 novembre \u00e0 13h30 &#8211; Bistrot des Rencontres, entr\u00e9e libre Caf\u00e9-discussion sur les jeunes et le cin\u00e9ma, venez avec vos id\u00e9es, on vous offre le caf\u00e9 ! Dans les ann\u00e9es 1990, les moins de 25 ans repr\u00e9sentaient 45 % du public des cin\u00e9mas, selon les chiffres du CNC. Cechiffre n\u2019a cess\u00e9 de baisser. Plusieurs [&hellip;]\" \/>\n<meta property=\"og:url\" content=\"https:\/\/rencontrescinemas.eu\/2023\/related\/les-dossiers-de-lecran-2\/\" \/>\n<meta property=\"og:site_name\" content=\"RCE 23\" \/>\n<meta property=\"article:modified_time\" content=\"2023-11-15T17:18:42+00:00\" \/>\n<meta property=\"og:image\" content=\"https:\/\/rencontrescinemas.eu\/2023\/wp-content\/uploads\/sites\/6\/2023\/10\/les-dossiers-de-l-ecran.jpg\" \/>\n\t<meta property=\"og:image:width\" content=\"2160\" \/>\n\t<meta property=\"og:image:height\" content=\"1433\" \/>\n<meta name=\"twitter:card\" content=\"summary_large_image\" \/>\n<meta name=\"twitter:label1\" content=\"Dur\u00e9e de lecture est.\" \/>\n\t<meta name=\"twitter:data1\" content=\"2 minutes\" \/>\n<script type=\"application\/ld+json\" class=\"yoast-schema-graph\">{\"@context\":\"https:\/\/schema.org\",\"@graph\":[{\"@type\":\"WebSite\",\"@id\":\"https:\/\/rencontrescinemas.eu\/2023\/#website\",\"url\":\"https:\/\/rencontrescinemas.eu\/2023\/\",\"name\":\"RCE 23\",\"description\":\"Un site utilisant Les Rencontres des Cin\\u00e9mas d'Europe\",\"potentialAction\":[{\"@type\":\"SearchAction\",\"target\":{\"@type\":\"EntryPoint\",\"urlTemplate\":\"https:\/\/rencontrescinemas.eu\/2023\/?s={search_term_string}\"},\"query-input\":\"required name=search_term_string\"}],\"inLanguage\":\"fr-FR\"},{\"@type\":\"ImageObject\",\"@id\":\"https:\/\/rencontrescinemas.eu\/2023\/related\/les-dossiers-de-lecran-2\/#primaryimage\",\"inLanguage\":\"fr-FR\",\"url\":\"https:\/\/rencontrescinemas.eu\/2023\/wp-content\/uploads\/sites\/6\/2023\/10\/les-dossiers-de-l-ecran.jpg\",\"contentUrl\":\"https:\/\/rencontrescinemas.eu\/2023\/wp-content\/uploads\/sites\/6\/2023\/10\/les-dossiers-de-l-ecran.jpg\",\"width\":2160,\"height\":1433},{\"@type\":\"WebPage\",\"@id\":\"https:\/\/rencontrescinemas.eu\/2023\/related\/les-dossiers-de-lecran-2\/#webpage\",\"url\":\"https:\/\/rencontrescinemas.eu\/2023\/related\/les-dossiers-de-lecran-2\/\",\"name\":\"Les dossiers de l'\\u00e9cran 2 - RCE 23\",\"isPartOf\":{\"@id\":\"https:\/\/rencontrescinemas.eu\/2023\/#website\"},\"primaryImageOfPage\":{\"@id\":\"https:\/\/rencontrescinemas.eu\/2023\/related\/les-dossiers-de-lecran-2\/#primaryimage\"},\"datePublished\":\"2023-10-23T15:00:49+00:00\",\"dateModified\":\"2023-11-15T17:18:42+00:00\",\"breadcrumb\":{\"@id\":\"https:\/\/rencontrescinemas.eu\/2023\/related\/les-dossiers-de-lecran-2\/#breadcrumb\"},\"inLanguage\":\"fr-FR\",\"potentialAction\":[{\"@type\":\"ReadAction\",\"target\":[\"https:\/\/rencontrescinemas.eu\/2023\/related\/les-dossiers-de-lecran-2\/\"]}]},{\"@type\":\"BreadcrumbList\",\"@id\":\"https:\/\/rencontrescinemas.eu\/2023\/related\/les-dossiers-de-lecran-2\/#breadcrumb\",\"itemListElement\":[{\"@type\":\"ListItem\",\"position\":1,\"name\":\"Accueil\",\"item\":\"https:\/\/rencontrescinemas.eu\/2023\/\"},{\"@type\":\"ListItem\",\"position\":2,\"name\":\"Et aussi...\",\"item\":\"https:\/\/rencontrescinemas.eu\/2023\/related\/\"},{\"@type\":\"ListItem\",\"position\":3,\"name\":\"Les dossiers de l&rsquo;\\u00e9cran 2\"}]}]}<\/script>\n<!-- \/ Yoast SEO plugin. -->","yoast_head_json":{"title":"Les dossiers de l'\u00e9cran 2 - RCE 23","robots":{"index":"index","follow":"follow","max-snippet":"max-snippet:-1","max-image-preview":"max-image-preview:large","max-video-preview":"max-video-preview:-1"},"canonical":"https:\/\/rencontrescinemas.eu\/2023\/related\/les-dossiers-de-lecran-2\/","og_locale":"fr_FR","og_type":"article","og_title":"Les dossiers de l'\u00e9cran 2 - RCE 23","og_description":"Jeudi 23 novembre \u00e0 13h30 &#8211; Bistrot des Rencontres, entr\u00e9e libre Caf\u00e9-discussion sur les jeunes et le cin\u00e9ma, venez avec vos id\u00e9es, on vous offre le caf\u00e9 ! Dans les ann\u00e9es 1990, les moins de 25 ans repr\u00e9sentaient 45 % du public des cin\u00e9mas, selon les chiffres du CNC. Cechiffre n\u2019a cess\u00e9 de baisser. Plusieurs [&hellip;]","og_url":"https:\/\/rencontrescinemas.eu\/2023\/related\/les-dossiers-de-lecran-2\/","og_site_name":"RCE 23","article_modified_time":"2023-11-15T17:18:42+00:00","og_image":[{"width":2160,"height":1433,"url":"https:\/\/rencontrescinemas.eu\/2023\/wp-content\/uploads\/sites\/6\/2023\/10\/les-dossiers-de-l-ecran.jpg","type":"image\/jpeg"}],"twitter_card":"summary_large_image","twitter_misc":{"Dur\u00e9e de lecture est.":"2 minutes"},"schema":{"@context":"https:\/\/schema.org","@graph":[{"@type":"WebSite","@id":"https:\/\/rencontrescinemas.eu\/2023\/#website","url":"https:\/\/rencontrescinemas.eu\/2023\/","name":"RCE 23","description":"Un site utilisant Les Rencontres des Cin\u00e9mas d'Europe","potentialAction":[{"@type":"SearchAction","target":{"@type":"EntryPoint","urlTemplate":"https:\/\/rencontrescinemas.eu\/2023\/?s={search_term_string}"},"query-input":"required name=search_term_string"}],"inLanguage":"fr-FR"},{"@type":"ImageObject","@id":"https:\/\/rencontrescinemas.eu\/2023\/related\/les-dossiers-de-lecran-2\/#primaryimage","inLanguage":"fr-FR","url":"https:\/\/rencontrescinemas.eu\/2023\/wp-content\/uploads\/sites\/6\/2023\/10\/les-dossiers-de-l-ecran.jpg","contentUrl":"https:\/\/rencontrescinemas.eu\/2023\/wp-content\/uploads\/sites\/6\/2023\/10\/les-dossiers-de-l-ecran.jpg","width":2160,"height":1433},{"@type":"WebPage","@id":"https:\/\/rencontrescinemas.eu\/2023\/related\/les-dossiers-de-lecran-2\/#webpage","url":"https:\/\/rencontrescinemas.eu\/2023\/related\/les-dossiers-de-lecran-2\/","name":"Les dossiers de l'\u00e9cran 2 - RCE 23","isPartOf":{"@id":"https:\/\/rencontrescinemas.eu\/2023\/#website"},"primaryImageOfPage":{"@id":"https:\/\/rencontrescinemas.eu\/2023\/related\/les-dossiers-de-lecran-2\/#primaryimage"},"datePublished":"2023-10-23T15:00:49+00:00","dateModified":"2023-11-15T17:18:42+00:00","breadcrumb":{"@id":"https:\/\/rencontrescinemas.eu\/2023\/related\/les-dossiers-de-lecran-2\/#breadcrumb"},"inLanguage":"fr-FR","potentialAction":[{"@type":"ReadAction","target":["https:\/\/rencontrescinemas.eu\/2023\/related\/les-dossiers-de-lecran-2\/"]}]},{"@type":"BreadcrumbList","@id":"https:\/\/rencontrescinemas.eu\/2023\/related\/les-dossiers-de-lecran-2\/#breadcrumb","itemListElement":[{"@type":"ListItem","position":1,"name":"Accueil","item":"https:\/\/rencontrescinemas.eu\/2023\/"},{"@type":"ListItem","position":2,"name":"Et aussi...","item":"https:\/\/rencontrescinemas.eu\/2023\/related\/"},{"@type":"ListItem","position":3,"name":"Les dossiers de l&rsquo;\u00e9cran 2"}]}]}},"_links":{"self":[{"href":"https:\/\/rencontrescinemas.eu\/2023\/wp-json\/wp\/v2\/related\/666","targetHints":{"allow":["GET"]}}],"collection":[{"href":"https:\/\/rencontrescinemas.eu\/2023\/wp-json\/wp\/v2\/related"}],"about":[{"href":"https:\/\/rencontrescinemas.eu\/2023\/wp-json\/wp\/v2\/types\/related"}],"wp:featuredmedia":[{"embeddable":true,"href":"https:\/\/rencontrescinemas.eu\/2023\/wp-json\/wp\/v2\/media\/667"}],"wp:attachment":[{"href":"https:\/\/rencontrescinemas.eu\/2023\/wp-json\/wp\/v2\/media?parent=666"}],"wp:term":[{"taxonomy":"category-related","embeddable":true,"href":"https:\/\/rencontrescinemas.eu\/2023\/wp-json\/wp\/v2\/category-related?post=666"}],"curies":[{"name":"wp","href":"https:\/\/api.w.org\/{rel}","templated":true}]}}