{"version":"1.0","provider_name":"Rencontres des cin\u00e9mas d&#039;Europe 2025","provider_url":"https:\/\/rencontrescinemas.eu\/2025","author_name":"anna","author_url":"https:\/\/rencontrescinemas.eu\/2025\/author\/anna\/","title":"Concert - Rencontres des cin\u00e9mas d&#039;Europe 2025","type":"rich","width":600,"height":338,"html":"<blockquote class=\"wp-embedded-content\" data-secret=\"v3wmSzoyGl\"><a href=\"https:\/\/rencontrescinemas.eu\/2025\/related\/concert\/\">Concert<\/a><\/blockquote><iframe sandbox=\"allow-scripts\" security=\"restricted\" src=\"https:\/\/rencontrescinemas.eu\/2025\/related\/concert\/embed\/#?secret=v3wmSzoyGl\" width=\"600\" height=\"338\" title=\"\u00ab\u00a0Concert\u00a0\u00bb &#8212; Rencontres des cin\u00e9mas d&#039;Europe 2025\" data-secret=\"v3wmSzoyGl\" frameborder=\"0\" marginwidth=\"0\" marginheight=\"0\" scrolling=\"no\" class=\"wp-embedded-content\"><\/iframe><script type=\"text\/javascript\">\n\/* <![CDATA[ *\/\n\/*! This file is auto-generated *\/\n!function(d,l){\"use strict\";l.querySelector&&d.addEventListener&&\"undefined\"!=typeof URL&&(d.wp=d.wp||{},d.wp.receiveEmbedMessage||(d.wp.receiveEmbedMessage=function(e){var t=e.data;if((t||t.secret||t.message||t.value)&&!\/[^a-zA-Z0-9]\/.test(t.secret)){for(var s,r,n,a=l.querySelectorAll('iframe[data-secret=\"'+t.secret+'\"]'),o=l.querySelectorAll('blockquote[data-secret=\"'+t.secret+'\"]'),c=new RegExp(\"^https?:$\",\"i\"),i=0;i<o.length;i++)o[i].style.display=\"none\";for(i=0;i<a.length;i++)s=a[i],e.source===s.contentWindow&&(s.removeAttribute(\"style\"),\"height\"===t.message?(1e3<(r=parseInt(t.value,10))?r=1e3:~~r<200&&(r=200),s.height=r):\"link\"===t.message&&(r=new URL(s.getAttribute(\"src\")),n=new URL(t.value),c.test(n.protocol))&&n.host===r.host&&l.activeElement===s&&(d.top.location.href=t.value))}},d.addEventListener(\"message\",d.wp.receiveEmbedMessage,!1),l.addEventListener(\"DOMContentLoaded\",function(){for(var e,t,s=l.querySelectorAll(\"iframe.wp-embedded-content\"),r=0;r<s.length;r++)(t=(e=s[r]).getAttribute(\"data-secret\"))||(t=Math.random().toString(36).substring(2,12),e.src+=\"#?secret=\"+t,e.setAttribute(\"data-secret\",t)),e.contentWindow.postMessage({message:\"ready\",secret:t},\"*\")},!1)))}(window,document);\n\/* ]]> *\/\n<\/script>\n","thumbnail_url":"https:\/\/rencontrescinemas.eu\/2025\/wp-content\/uploads\/sites\/8\/2025\/11\/EBULLITION.jpg","thumbnail_width":2560,"thumbnail_height":1440,"description":"\u00c9clats &#8211; par le ch\u0153ur \u00c9bullition,chants polyphoniques contemporains \u00c9clat: n.m, fragment d\u00e9tach\u00e9 d\u2019un corps qui \u00e9clate.Par analogie, ce programme d\u2019\u0153uvres a cappella chemine dans l\u2019\u00e9vocation d\u2019une lueur, de la guerre, d\u2019un rire ou simplement de la beaut\u00e9. Des harmonies planantes de Sofia S\u00f6derberg et P\u00e4rt Uusberg, au \u00ab traditionalisme \u00e9clectique \u00bb de Jaakko M\u00e4ntyj\u00e4rvi, en [&hellip;]"}