{"version":"1.0","provider_name":"Rencontres des cin\u00e9mas d&#039;Europe 2025","provider_url":"https:\/\/rencontrescinemas.eu\/2025","author_name":"anna","author_url":"https:\/\/rencontrescinemas.eu\/2025\/author\/anna\/","title":"Voices Beyond Border - Rencontres des cin\u00e9mas d&#039;Europe 2025","type":"rich","width":600,"height":338,"html":"<blockquote class=\"wp-embedded-content\" data-secret=\"czXaFOvxyN\"><a href=\"https:\/\/rencontrescinemas.eu\/2025\/related\/voices-beyond-border\/\">Voices Beyond Border<\/a><\/blockquote><iframe sandbox=\"allow-scripts\" security=\"restricted\" src=\"https:\/\/rencontrescinemas.eu\/2025\/related\/voices-beyond-border\/embed\/#?secret=czXaFOvxyN\" width=\"600\" height=\"338\" title=\"\u00ab\u00a0Voices Beyond Border\u00a0\u00bb &#8212; Rencontres des cin\u00e9mas d&#039;Europe 2025\" data-secret=\"czXaFOvxyN\" frameborder=\"0\" marginwidth=\"0\" marginheight=\"0\" scrolling=\"no\" class=\"wp-embedded-content\"><\/iframe><script type=\"text\/javascript\">\n\/* <![CDATA[ *\/\n\/*! This file is auto-generated *\/\n!function(d,l){\"use strict\";l.querySelector&&d.addEventListener&&\"undefined\"!=typeof URL&&(d.wp=d.wp||{},d.wp.receiveEmbedMessage||(d.wp.receiveEmbedMessage=function(e){var t=e.data;if((t||t.secret||t.message||t.value)&&!\/[^a-zA-Z0-9]\/.test(t.secret)){for(var s,r,n,a=l.querySelectorAll('iframe[data-secret=\"'+t.secret+'\"]'),o=l.querySelectorAll('blockquote[data-secret=\"'+t.secret+'\"]'),c=new RegExp(\"^https?:$\",\"i\"),i=0;i<o.length;i++)o[i].style.display=\"none\";for(i=0;i<a.length;i++)s=a[i],e.source===s.contentWindow&&(s.removeAttribute(\"style\"),\"height\"===t.message?(1e3<(r=parseInt(t.value,10))?r=1e3:~~r<200&&(r=200),s.height=r):\"link\"===t.message&&(r=new URL(s.getAttribute(\"src\")),n=new URL(t.value),c.test(n.protocol))&&n.host===r.host&&l.activeElement===s&&(d.top.location.href=t.value))}},d.addEventListener(\"message\",d.wp.receiveEmbedMessage,!1),l.addEventListener(\"DOMContentLoaded\",function(){for(var e,t,s=l.querySelectorAll(\"iframe.wp-embedded-content\"),r=0;r<s.length;r++)(t=(e=s[r]).getAttribute(\"data-secret\"))||(t=Math.random().toString(36).substring(2,12),e.src+=\"#?secret=\"+t,e.setAttribute(\"data-secret\",t)),e.contentWindow.postMessage({message:\"ready\",secret:t},\"*\")},!1)))}(window,document);\n\/* ]]> *\/\n<\/script>\n","thumbnail_url":"https:\/\/rencontrescinemas.eu\/2025\/wp-content\/uploads\/sites\/8\/2025\/11\/Plateau-Rezo-scaled.jpg","thumbnail_width":2560,"thumbnail_height":1707,"description":"Une rencontre de jeunes grec\u00b7que\u00b7s En partenariat avec l\u2019association reZonance Fortes de leurs exp\u00e9riences internationales et&nbsp;parce&nbsp;que Erasmus+, ce n\u2019est pas que pour les \u00e9tudiant\u00b7es, reZonance, Entaxis et la Maison de l\u2019Image Aubenas m\u00e8nent un projet d\u2019\u00e9change binational entre jeunes grec\u00b7ques et fran\u00e7ais\u00b7es. Apr\u00e8s une premi\u00e8re rencontre en Gr\u00e8ce, en ao\u00fbt, dans la r\u00e9gion de Kav\u00e1la, [&hellip;]"}