{"id":1410,"date":"2025-11-21T14:09:13","date_gmt":"2025-11-21T13:09:13","guid":{"rendered":"https:\/\/rencontrescinemas.eu\/2025\/?post_type=related&#038;p=1410"},"modified":"2025-11-21T15:26:12","modified_gmt":"2025-11-21T14:26:12","slug":"oscar-les-vacances","status":"publish","type":"related","link":"https:\/\/rencontrescinemas.eu\/2025\/related\/oscar-les-vacances\/","title":{"rendered":"Oscar les vacances"},"content":{"rendered":"\n<p><\/p>\n\n\n\n<p>Oscar les vacances, apr\u00e8s plus de 150 concerts et pour l\u2019annonce de son 2e album, Oscar les vacances r\u00e9alise un court &#8211; m\u00e9trage musical m\u00ealant prises de vues et stop-motion. Projection et rencontre avec l\u2019\u00e9quipe du film, suivie de quelques chansons en acoustique par Oscar les vacances.<\/p>\n\n\n<div class=\"wp-block-image\">\n<figure class=\"aligncenter size-large\"><img loading=\"lazy\" decoding=\"async\" width=\"1024\" height=\"713\" src=\"https:\/\/rencontrescinemas.eu\/2025\/wp-content\/uploads\/sites\/8\/2025\/11\/14_AMIS_DANS_LA_TETEWEB-1024x713.jpg\" alt=\"\" class=\"wp-image-948\" srcset=\"https:\/\/rencontrescinemas.eu\/2025\/wp-content\/uploads\/sites\/8\/2025\/11\/14_AMIS_DANS_LA_TETEWEB-1024x713.jpg 1024w, https:\/\/rencontrescinemas.eu\/2025\/wp-content\/uploads\/sites\/8\/2025\/11\/14_AMIS_DANS_LA_TETEWEB-300x209.jpg 300w, https:\/\/rencontrescinemas.eu\/2025\/wp-content\/uploads\/sites\/8\/2025\/11\/14_AMIS_DANS_LA_TETEWEB-768x535.jpg 768w, https:\/\/rencontrescinemas.eu\/2025\/wp-content\/uploads\/sites\/8\/2025\/11\/14_AMIS_DANS_LA_TETEWEB-1536x1070.jpg 1536w, https:\/\/rencontrescinemas.eu\/2025\/wp-content\/uploads\/sites\/8\/2025\/11\/14_AMIS_DANS_LA_TETEWEB-2048x1427.jpg 2048w, https:\/\/rencontrescinemas.eu\/2025\/wp-content\/uploads\/sites\/8\/2025\/11\/14_AMIS_DANS_LA_TETEWEB-1200x836.jpg 1200w, https:\/\/rencontrescinemas.eu\/2025\/wp-content\/uploads\/sites\/8\/2025\/11\/14_AMIS_DANS_LA_TETEWEB-2000x1393.jpg 2000w, https:\/\/rencontrescinemas.eu\/2025\/wp-content\/uploads\/sites\/8\/2025\/11\/14_AMIS_DANS_LA_TETEWEB-431x300.jpg 431w, https:\/\/rencontrescinemas.eu\/2025\/wp-content\/uploads\/sites\/8\/2025\/11\/14_AMIS_DANS_LA_TETEWEB-115x80.jpg 115w\" sizes=\"auto, (max-width: 1024px) 100vw, 1024px\" \/><\/figure><\/div>\n\n\n<p>Oscar est \u00e0 la recherche d\u2019un homme, qui le filme au cam\u00e9scope depuis plusieurs ann\u00e9es. En le cherchant,<br>il fait la rencontre d\u2019\u00e9tranges bonshommes \u00e0 grosses t\u00eates : Mike, Jason, puis Ath\u00e9nor, autoproclam\u00e9 Cheval de l\u2019Apocalypse\u2026 14 amis dans la t\u00eate est un voyage musical, intime, explosif, avec les amis<br>imaginaires d\u2019Oscar les vacances.<\/p>\n\n\n\n<p><strong>Vendredi 21 \u00e0 18 h au Centre Le Bournot <\/strong><\/p>\n","protected":false},"featured_media":948,"template":"","class_list":["post-1410","related","type-related","status-publish","has-post-thumbnail","hentry"],"yoast_head":"<!-- This site is optimized with the Yoast SEO plugin v17.5 - https:\/\/yoast.com\/wordpress\/plugins\/seo\/ -->\n<meta name=\"robots\" content=\"index, follow, max-snippet:-1, max-image-preview:large, max-video-preview:-1\" \/>\n<link rel=\"canonical\" href=\"https:\/\/rencontrescinemas.eu\/2025\/related\/oscar-les-vacances\/\" \/>\n<meta property=\"og:locale\" content=\"fr_FR\" \/>\n<meta property=\"og:type\" content=\"article\" \/>\n<meta property=\"og:title\" content=\"Oscar les vacances - Rencontres des cin\u00e9mas d&#039;Europe 2025\" \/>\n<meta property=\"og:description\" content=\"Oscar les vacances, apr\u00e8s plus de 150 concerts et pour l\u2019annonce de son 2e album, Oscar les vacances r\u00e9alise un court &#8211; m\u00e9trage musical m\u00ealant prises de vues et stop-motion. Projection et rencontre avec l\u2019\u00e9quipe du film, suivie de quelques chansons en acoustique par Oscar les vacances. Oscar est \u00e0 la recherche d\u2019un homme, qui [&hellip;]\" \/>\n<meta property=\"og:url\" content=\"https:\/\/rencontrescinemas.eu\/2025\/related\/oscar-les-vacances\/\" \/>\n<meta property=\"og:site_name\" content=\"Rencontres des cin\u00e9mas d&#039;Europe 2025\" \/>\n<meta property=\"article:modified_time\" content=\"2025-11-21T14:26:12+00:00\" \/>\n<meta property=\"og:image\" content=\"https:\/\/rencontrescinemas.eu\/2025\/wp-content\/uploads\/sites\/8\/2025\/11\/14_AMIS_DANS_LA_TETEWEB-scaled.jpg\" \/>\n\t<meta property=\"og:image:width\" content=\"2560\" \/>\n\t<meta property=\"og:image:height\" content=\"1783\" \/>\n<meta name=\"twitter:card\" content=\"summary_large_image\" \/>\n<meta name=\"twitter:label1\" content=\"Dur\u00e9e de lecture est.\" \/>\n\t<meta name=\"twitter:data1\" content=\"1 minute\" \/>\n<script type=\"application\/ld+json\" class=\"yoast-schema-graph\">{\"@context\":\"https:\/\/schema.org\",\"@graph\":[{\"@type\":\"WebSite\",\"@id\":\"https:\/\/rencontrescinemas.eu\/2025\/#website\",\"url\":\"https:\/\/rencontrescinemas.eu\/2025\/\",\"name\":\"Rencontres des cin\\u00e9mas d&#039;Europe 2025\",\"description\":\"Un site utilisant Les Rencontres des Cin\\u00e9mas d'Europe\",\"potentialAction\":[{\"@type\":\"SearchAction\",\"target\":{\"@type\":\"EntryPoint\",\"urlTemplate\":\"https:\/\/rencontrescinemas.eu\/2025\/?s={search_term_string}\"},\"query-input\":\"required name=search_term_string\"}],\"inLanguage\":\"fr-FR\"},{\"@type\":\"ImageObject\",\"@id\":\"https:\/\/rencontrescinemas.eu\/2025\/related\/oscar-les-vacances\/#primaryimage\",\"inLanguage\":\"fr-FR\",\"url\":\"https:\/\/rencontrescinemas.eu\/2025\/wp-content\/uploads\/sites\/8\/2025\/11\/14_AMIS_DANS_LA_TETEWEB-scaled.jpg\",\"contentUrl\":\"https:\/\/rencontrescinemas.eu\/2025\/wp-content\/uploads\/sites\/8\/2025\/11\/14_AMIS_DANS_LA_TETEWEB-scaled.jpg\",\"width\":2560,\"height\":1783},{\"@type\":\"WebPage\",\"@id\":\"https:\/\/rencontrescinemas.eu\/2025\/related\/oscar-les-vacances\/#webpage\",\"url\":\"https:\/\/rencontrescinemas.eu\/2025\/related\/oscar-les-vacances\/\",\"name\":\"Oscar les vacances - Rencontres des cin\\u00e9mas d&#039;Europe 2025\",\"isPartOf\":{\"@id\":\"https:\/\/rencontrescinemas.eu\/2025\/#website\"},\"primaryImageOfPage\":{\"@id\":\"https:\/\/rencontrescinemas.eu\/2025\/related\/oscar-les-vacances\/#primaryimage\"},\"datePublished\":\"2025-11-21T13:09:13+00:00\",\"dateModified\":\"2025-11-21T14:26:12+00:00\",\"breadcrumb\":{\"@id\":\"https:\/\/rencontrescinemas.eu\/2025\/related\/oscar-les-vacances\/#breadcrumb\"},\"inLanguage\":\"fr-FR\",\"potentialAction\":[{\"@type\":\"ReadAction\",\"target\":[\"https:\/\/rencontrescinemas.eu\/2025\/related\/oscar-les-vacances\/\"]}]},{\"@type\":\"BreadcrumbList\",\"@id\":\"https:\/\/rencontrescinemas.eu\/2025\/related\/oscar-les-vacances\/#breadcrumb\",\"itemListElement\":[{\"@type\":\"ListItem\",\"position\":1,\"name\":\"Accueil\",\"item\":\"https:\/\/rencontrescinemas.eu\/2025\/\"},{\"@type\":\"ListItem\",\"position\":2,\"name\":\"Et aussi...\",\"item\":\"https:\/\/rencontrescinemas.eu\/2025\/related\/\"},{\"@type\":\"ListItem\",\"position\":3,\"name\":\"Oscar les vacances\"}]}]}<\/script>\n<!-- \/ Yoast SEO plugin. -->","yoast_head_json":{"robots":{"index":"index","follow":"follow","max-snippet":"max-snippet:-1","max-image-preview":"max-image-preview:large","max-video-preview":"max-video-preview:-1"},"canonical":"https:\/\/rencontrescinemas.eu\/2025\/related\/oscar-les-vacances\/","og_locale":"fr_FR","og_type":"article","og_title":"Oscar les vacances - Rencontres des cin\u00e9mas d&#039;Europe 2025","og_description":"Oscar les vacances, apr\u00e8s plus de 150 concerts et pour l\u2019annonce de son 2e album, Oscar les vacances r\u00e9alise un court &#8211; m\u00e9trage musical m\u00ealant prises de vues et stop-motion. Projection et rencontre avec l\u2019\u00e9quipe du film, suivie de quelques chansons en acoustique par Oscar les vacances. Oscar est \u00e0 la recherche d\u2019un homme, qui [&hellip;]","og_url":"https:\/\/rencontrescinemas.eu\/2025\/related\/oscar-les-vacances\/","og_site_name":"Rencontres des cin\u00e9mas d&#039;Europe 2025","article_modified_time":"2025-11-21T14:26:12+00:00","og_image":[{"width":2560,"height":1783,"url":"https:\/\/rencontrescinemas.eu\/2025\/wp-content\/uploads\/sites\/8\/2025\/11\/14_AMIS_DANS_LA_TETEWEB-scaled.jpg","type":"image\/jpeg"}],"twitter_card":"summary_large_image","twitter_misc":{"Dur\u00e9e de lecture est.":"1 minute"},"schema":{"@context":"https:\/\/schema.org","@graph":[{"@type":"WebSite","@id":"https:\/\/rencontrescinemas.eu\/2025\/#website","url":"https:\/\/rencontrescinemas.eu\/2025\/","name":"Rencontres des cin\u00e9mas d&#039;Europe 2025","description":"Un site utilisant Les Rencontres des Cin\u00e9mas d'Europe","potentialAction":[{"@type":"SearchAction","target":{"@type":"EntryPoint","urlTemplate":"https:\/\/rencontrescinemas.eu\/2025\/?s={search_term_string}"},"query-input":"required name=search_term_string"}],"inLanguage":"fr-FR"},{"@type":"ImageObject","@id":"https:\/\/rencontrescinemas.eu\/2025\/related\/oscar-les-vacances\/#primaryimage","inLanguage":"fr-FR","url":"https:\/\/rencontrescinemas.eu\/2025\/wp-content\/uploads\/sites\/8\/2025\/11\/14_AMIS_DANS_LA_TETEWEB-scaled.jpg","contentUrl":"https:\/\/rencontrescinemas.eu\/2025\/wp-content\/uploads\/sites\/8\/2025\/11\/14_AMIS_DANS_LA_TETEWEB-scaled.jpg","width":2560,"height":1783},{"@type":"WebPage","@id":"https:\/\/rencontrescinemas.eu\/2025\/related\/oscar-les-vacances\/#webpage","url":"https:\/\/rencontrescinemas.eu\/2025\/related\/oscar-les-vacances\/","name":"Oscar les vacances - Rencontres des cin\u00e9mas d&#039;Europe 2025","isPartOf":{"@id":"https:\/\/rencontrescinemas.eu\/2025\/#website"},"primaryImageOfPage":{"@id":"https:\/\/rencontrescinemas.eu\/2025\/related\/oscar-les-vacances\/#primaryimage"},"datePublished":"2025-11-21T13:09:13+00:00","dateModified":"2025-11-21T14:26:12+00:00","breadcrumb":{"@id":"https:\/\/rencontrescinemas.eu\/2025\/related\/oscar-les-vacances\/#breadcrumb"},"inLanguage":"fr-FR","potentialAction":[{"@type":"ReadAction","target":["https:\/\/rencontrescinemas.eu\/2025\/related\/oscar-les-vacances\/"]}]},{"@type":"BreadcrumbList","@id":"https:\/\/rencontrescinemas.eu\/2025\/related\/oscar-les-vacances\/#breadcrumb","itemListElement":[{"@type":"ListItem","position":1,"name":"Accueil","item":"https:\/\/rencontrescinemas.eu\/2025\/"},{"@type":"ListItem","position":2,"name":"Et aussi...","item":"https:\/\/rencontrescinemas.eu\/2025\/related\/"},{"@type":"ListItem","position":3,"name":"Oscar les vacances"}]}]}},"_links":{"self":[{"href":"https:\/\/rencontrescinemas.eu\/2025\/wp-json\/wp\/v2\/related\/1410","targetHints":{"allow":["GET"]}}],"collection":[{"href":"https:\/\/rencontrescinemas.eu\/2025\/wp-json\/wp\/v2\/related"}],"about":[{"href":"https:\/\/rencontrescinemas.eu\/2025\/wp-json\/wp\/v2\/types\/related"}],"wp:featuredmedia":[{"embeddable":true,"href":"https:\/\/rencontrescinemas.eu\/2025\/wp-json\/wp\/v2\/media\/948"}],"wp:attachment":[{"href":"https:\/\/rencontrescinemas.eu\/2025\/wp-json\/wp\/v2\/media?parent=1410"}],"curies":[{"name":"wp","href":"https:\/\/api.w.org\/{rel}","templated":true}]}}