{"id":658,"date":"2025-10-30T22:44:34","date_gmt":"2025-10-30T21:44:34","guid":{"rendered":"https:\/\/rencontrescinemas.eu\/2025\/?post_type=related&#038;p=658"},"modified":"2025-11-17T20:24:12","modified_gmt":"2025-11-17T19:24:12","slug":"realite-virtuelle","status":"publish","type":"related","link":"https:\/\/rencontrescinemas.eu\/2025\/related\/realite-virtuelle\/","title":{"rendered":"R\u00e9alit\u00e9 virtuelle"},"content":{"rendered":"\n<p>La r\u00e9alit\u00e9 virtuelle simule la pr\u00e9sence du spectateur dans un monde virtuel, afin de l\u2019immerger totalement dans&nbsp;un contenu, une histoire, une \u0153uvre. Le spectateur doit s\u2019\u00e9quiper d\u2019un casque qui permet d\u2019avoir une vision \u00e0&nbsp;360\u00b0, le pla\u00e7ant ainsi au c\u0153ur de l\u2019action, et l\u2019isolant de l\u2019environnement r\u00e9el dans lequel il se trouve. L\u2019immersion, alli\u00e9e \u00e0 la qualit\u00e9 des contenus, font des productions en VR des exp\u00e9riences fortes et rares. En&nbsp;VR,&nbsp;le spectateur est ma\u00eetre de son regard et d\u00e9cide de placer son attention sur un objet plut\u00f4t qu\u2019un autre. Il peut aussi parfois interagir avec l\u2019histoire. La VR n\u2019est pas qu\u2019une nouvelle forme de diffusion du cin\u00e9ma mais&nbsp;bien un&nbsp;nouveau m\u00e9dium qui transcende son langage. <\/p>\n\n\n\n<p>Au programme, 3 \u0153uvres compl\u00e9mentaires qui illustrent la diversit\u00e9 des cr\u00e9ations VR. 3&nbsp;univers graphiques et narratifs r\u00e9solument diff\u00e9rents, avec cette ann\u00e9e, une exp\u00e9rience sensible et po\u00e9tique accessible \u00e0 partir de 10 ans<\/p>\n\n\n\n<div class=\"wp-block-columns is-layout-flex wp-container-core-columns-is-layout-9d6595d7 wp-block-columns-is-layout-flex\">\n<div class=\"wp-block-column is-layout-flow wp-block-column-is-layout-flow\">\n<figure class=\"wp-block-image size-large\"><img loading=\"lazy\" decoding=\"async\" width=\"1024\" height=\"576\" src=\"https:\/\/rencontrescinemas.eu\/2025\/wp-content\/uploads\/sites\/8\/2025\/10\/ItoMeikyu-1024x576.png\" alt=\"\" class=\"wp-image-843\" srcset=\"https:\/\/rencontrescinemas.eu\/2025\/wp-content\/uploads\/sites\/8\/2025\/10\/ItoMeikyu-1024x576.png 1024w, https:\/\/rencontrescinemas.eu\/2025\/wp-content\/uploads\/sites\/8\/2025\/10\/ItoMeikyu-300x169.png 300w, https:\/\/rencontrescinemas.eu\/2025\/wp-content\/uploads\/sites\/8\/2025\/10\/ItoMeikyu-768x432.png 768w, https:\/\/rencontrescinemas.eu\/2025\/wp-content\/uploads\/sites\/8\/2025\/10\/ItoMeikyu-1536x864.png 1536w, https:\/\/rencontrescinemas.eu\/2025\/wp-content\/uploads\/sites\/8\/2025\/10\/ItoMeikyu-1200x675.png 1200w, https:\/\/rencontrescinemas.eu\/2025\/wp-content\/uploads\/sites\/8\/2025\/10\/ItoMeikyu-533x300.png 533w, https:\/\/rencontrescinemas.eu\/2025\/wp-content\/uploads\/sites\/8\/2025\/10\/ItoMeikyu-989x556.png 989w, https:\/\/rencontrescinemas.eu\/2025\/wp-content\/uploads\/sites\/8\/2025\/10\/ItoMeikyu-142x80.png 142w, https:\/\/rencontrescinemas.eu\/2025\/wp-content\/uploads\/sites\/8\/2025\/10\/ItoMeikyu.png 1920w\" sizes=\"auto, (max-width: 1024px) 100vw, 1024px\" \/><\/figure>\n\n\n\n<p><strong>ITO MEIKY\u016a <\/strong>| 15 min <\/p>\n\n\n\n<p>de Boris Labb\u00e9 <\/p>\n\n\n\n<p>Ito Meiky\u016b est une exp\u00e9rience plastique \u00e0 d\u00e9couvrir comme une installation d\u2019art contemporain. L\u2019\u0153uvre nous invite \u00e0 nous immerger dans un labyrinthe mental peupl\u00e9 de ce qui \u00e9merge de l\u2019esprit de l\u2019auteur. Impr\u00e9gn\u00e9 de l\u2019art classique et de la litt\u00e9rature japonaise, il dessine une grande fresque sensorielle compos\u00e9e de sc\u00e8nes anim\u00e9es et sonores : architectures fractales abritant des plantes, des objets, des animaux, des hommes et des femmes. Un f il continu et impalpable nous fait cheminer dans un univers singulier o\u00f9 Boris Labb\u00e9 explore le dessin et cherche \u00e0 le faire \u00ab d\u00e9border, craquer, cr\u00e9piter, prolif\u00e9rer, vivre \u00bb.<\/p>\n<\/div>\n\n\n\n<div class=\"wp-block-column is-layout-flow wp-block-column-is-layout-flow\">\n<figure class=\"wp-block-image size-large\"><img loading=\"lazy\" decoding=\"async\" width=\"1024\" height=\"576\" src=\"https:\/\/rencontrescinemas.eu\/2025\/wp-content\/uploads\/sites\/8\/2025\/10\/g-safran-1024x576.png\" alt=\"\" class=\"wp-image-844\" srcset=\"https:\/\/rencontrescinemas.eu\/2025\/wp-content\/uploads\/sites\/8\/2025\/10\/g-safran-1024x576.png 1024w, https:\/\/rencontrescinemas.eu\/2025\/wp-content\/uploads\/sites\/8\/2025\/10\/g-safran-300x169.png 300w, https:\/\/rencontrescinemas.eu\/2025\/wp-content\/uploads\/sites\/8\/2025\/10\/g-safran-768x432.png 768w, https:\/\/rencontrescinemas.eu\/2025\/wp-content\/uploads\/sites\/8\/2025\/10\/g-safran-1200x675.png 1200w, https:\/\/rencontrescinemas.eu\/2025\/wp-content\/uploads\/sites\/8\/2025\/10\/g-safran-533x300.png 533w, https:\/\/rencontrescinemas.eu\/2025\/wp-content\/uploads\/sites\/8\/2025\/10\/g-safran-989x556.png 989w, https:\/\/rencontrescinemas.eu\/2025\/wp-content\/uploads\/sites\/8\/2025\/10\/g-safran-142x80.png 142w, https:\/\/rencontrescinemas.eu\/2025\/wp-content\/uploads\/sites\/8\/2025\/10\/g-safran.png 1280w\" sizes=\"auto, (max-width: 1024px) 100vw, 1024px\" \/><\/figure>\n\n\n\n<p><strong>CINQ GRAMMES DE&nbsp;SAFRAN<\/strong> | 7 min<\/p>\n\n\n\n<p>de N\u00e9gar Motevalymeidanshah <\/p>\n\n\n\n<p>Golnaz, une immigr\u00e9e iranienne de 23 ans, tente de s\u2019adapter \u00e0 sa nouvelle vie en Allemagne. Elle trouve un paquet de safran qui lui rappelle sa maison. Golnaz pr\u00e9pare du riz pour y ajouter du safran, un plat r\u00e9confortant de son pass\u00e9. Mais elle ne s\u2019attendait pas \u00e0 ce que cet \u00e9v\u00e9nement la ram\u00e8ne, il y a trois ans, \u00e0 l\u2019incident le plus traumatisant de sa vie. Il y a trois ans, elle a surv\u00e9cu \u00e0 une noyade tragique qui a emport\u00e9 sa famille alors qu\u2019elle voyageait ill\u00e9galement en bateau.<\/p>\n<\/div>\n\n\n\n<div class=\"wp-block-column is-layout-flow wp-block-column-is-layout-flow\">\n<figure class=\"wp-block-image size-large\"><img loading=\"lazy\" decoding=\"async\" width=\"1024\" height=\"614\" src=\"https:\/\/rencontrescinemas.eu\/2025\/wp-content\/uploads\/sites\/8\/2025\/10\/jack-and-flo-1024x614.png\" alt=\"\" class=\"wp-image-845\" srcset=\"https:\/\/rencontrescinemas.eu\/2025\/wp-content\/uploads\/sites\/8\/2025\/10\/jack-and-flo-1024x614.png 1024w, https:\/\/rencontrescinemas.eu\/2025\/wp-content\/uploads\/sites\/8\/2025\/10\/jack-and-flo-300x180.png 300w, https:\/\/rencontrescinemas.eu\/2025\/wp-content\/uploads\/sites\/8\/2025\/10\/jack-and-flo-768x460.png 768w, https:\/\/rencontrescinemas.eu\/2025\/wp-content\/uploads\/sites\/8\/2025\/10\/jack-and-flo-1536x921.png 1536w, https:\/\/rencontrescinemas.eu\/2025\/wp-content\/uploads\/sites\/8\/2025\/10\/jack-and-flo-1200x719.png 1200w, https:\/\/rencontrescinemas.eu\/2025\/wp-content\/uploads\/sites\/8\/2025\/10\/jack-and-flo-501x300.png 501w, https:\/\/rencontrescinemas.eu\/2025\/wp-content\/uploads\/sites\/8\/2025\/10\/jack-and-flo-133x80.png 133w, https:\/\/rencontrescinemas.eu\/2025\/wp-content\/uploads\/sites\/8\/2025\/10\/jack-and-flo.png 1772w\" sizes=\"auto, (max-width: 1024px) 100vw, 1024px\" \/><\/figure>\n\n\n\n<p><strong>JACK &amp; FLO <\/strong>| 14 minutes <\/p>\n\n\n\n<p>animation d\u2019Amaury Campion <\/p>\n\n\n\n<p>Jack, un ancien gardien de phare dans la fleur de l\u2019\u00e2ge, vit isol\u00e9 sur son \u00eele-falaise perdue au milieu de l\u2019oc\u00e9an. Il m\u00e8ne une existence paisible au sommet de l\u2019\u00eele, entour\u00e9 de sa maison, du phare et d\u2019un petit arbre. Il semblerait que Jack soit le dernier \u00eatre humain. Alors qu\u2019il p\u00eache du haut de la falaise, il rencontre par hasard un grand p\u00e9lican blanc \u00e9chou\u00e9 sur son \u00eele. Une histoire d\u2019amiti\u00e9 commence entre les deux, qui va profond\u00e9ment changer le quotidien de Jack.<\/p>\n<\/div>\n<\/div>\n\n\n\n<div style=\"height:80px\" aria-hidden=\"true\" class=\"wp-block-spacer\"><\/div>\n\n\n\n<h3 class=\"wp-block-heading has-text-align-center\"><strong>HORAIRES ET LIEUX<\/strong><\/h3>\n\n\n\n<div style=\"height:93px\" aria-hidden=\"true\" class=\"wp-block-spacer\"><\/div>\n\n\n\n<div class=\"wp-block-columns is-layout-flex wp-container-core-columns-is-layout-9d6595d7 wp-block-columns-is-layout-flex\">\n<div class=\"wp-block-column is-layout-flow wp-block-column-is-layout-flow\">\n<h4 class=\"wp-block-heading has-text-align-left\">M\u00e9diath\u00e8que Jean Ferrat<\/h4>\n\n\n\n<p class=\"has-text-align-left\"><strong>Sam. 15<\/strong> de 9h30 \u00e0 13h <\/p>\n\n\n\n<p class=\"has-text-align-left\"><strong>Mar. 18<\/strong> de 16h30 \u00e0 18h30<\/p>\n\n\n\n<p class=\"has-text-align-left\"><strong>Jeu. 20<\/strong> de 16h30 \u00e0 18h30 <\/p>\n\n\n\n<p class=\"has-text-align-left\"><strong>Ven. 21<\/strong> de 13h30 \u00e0 15h <\/p>\n\n\n\n<p class=\"has-text-align-left\">et de 16h30 \u00e0 18h30<\/p>\n\n\n\n<p class=\"has-text-align-left\"><strong>Sam. 22<\/strong> de 9h30 \u00e0 13h<\/p>\n<\/div>\n\n\n\n<div class=\"wp-block-column is-layout-flow wp-block-column-is-layout-flow\">\n<h4 class=\"wp-block-heading has-text-align-left\">Le Navire (hall) <\/h4>\n\n\n\n<p class=\"has-text-align-center\"><strong>Sam. 15 <\/strong>de 15h \u00e0 18h <\/p>\n\n\n\n<p class=\"has-text-align-center\"><strong>Dim. 16<\/strong> de 14h \u00e0 18h<\/p>\n\n\n\n<p class=\"has-text-align-center\"><strong>Sam. 22 <\/strong>de 14h \u00e0 17h  <\/p>\n<\/div>\n\n\n\n<div class=\"wp-block-column is-layout-flow wp-block-column-is-layout-flow\">\n<h4 class=\"wp-block-heading has-text-align-left\">L&rsquo;Escale<\/h4>\n\n\n\n<p class=\"has-text-align-center\"><strong>Lun. 17<\/strong> de 14h \u00e0 18h<\/p>\n\n\n\n<p class=\"has-text-align-center\"><strong>mar. 18<\/strong> de 13h \u00e0 15h <\/p>\n\n\n\n<p class=\"has-text-align-center\"><strong>mer. 19 <\/strong>de 14h \u00e0 18h <\/p>\n\n\n\n<p><\/p>\n<\/div>\n<\/div>\n","protected":false},"featured_media":856,"template":"","class_list":["post-658","related","type-related","status-publish","has-post-thumbnail","hentry"],"yoast_head":"<!-- This site is optimized with the Yoast SEO plugin v17.5 - https:\/\/yoast.com\/wordpress\/plugins\/seo\/ -->\n<meta name=\"robots\" content=\"index, follow, max-snippet:-1, max-image-preview:large, max-video-preview:-1\" \/>\n<link rel=\"canonical\" href=\"https:\/\/rencontrescinemas.eu\/2025\/related\/realite-virtuelle\/\" \/>\n<meta property=\"og:locale\" content=\"fr_FR\" \/>\n<meta property=\"og:type\" content=\"article\" \/>\n<meta property=\"og:title\" content=\"R\u00e9alit\u00e9 virtuelle - Rencontres des cin\u00e9mas d&#039;Europe 2025\" \/>\n<meta property=\"og:description\" content=\"La r\u00e9alit\u00e9 virtuelle simule la pr\u00e9sence du spectateur dans un monde virtuel, afin de l\u2019immerger totalement dans&nbsp;un contenu, une histoire, une \u0153uvre. Le spectateur doit s\u2019\u00e9quiper d\u2019un casque qui permet d\u2019avoir une vision \u00e0&nbsp;360\u00b0, le pla\u00e7ant ainsi au c\u0153ur de l\u2019action, et l\u2019isolant de l\u2019environnement r\u00e9el dans lequel il se trouve. L\u2019immersion, alli\u00e9e \u00e0 la [&hellip;]\" \/>\n<meta property=\"og:url\" content=\"https:\/\/rencontrescinemas.eu\/2025\/related\/realite-virtuelle\/\" \/>\n<meta property=\"og:site_name\" content=\"Rencontres des cin\u00e9mas d&#039;Europe 2025\" \/>\n<meta property=\"article:modified_time\" content=\"2025-11-17T19:24:12+00:00\" \/>\n<meta property=\"og:image\" content=\"https:\/\/rencontrescinemas.eu\/2025\/wp-content\/uploads\/sites\/8\/2025\/10\/spectateurs-9-scaled.jpg\" \/>\n\t<meta property=\"og:image:width\" content=\"2560\" \/>\n\t<meta property=\"og:image:height\" content=\"1920\" \/>\n<meta name=\"twitter:card\" content=\"summary_large_image\" \/>\n<meta name=\"twitter:label1\" content=\"Dur\u00e9e de lecture est.\" \/>\n\t<meta name=\"twitter:data1\" content=\"3 minutes\" \/>\n<script type=\"application\/ld+json\" class=\"yoast-schema-graph\">{\"@context\":\"https:\/\/schema.org\",\"@graph\":[{\"@type\":\"WebSite\",\"@id\":\"https:\/\/rencontrescinemas.eu\/2025\/#website\",\"url\":\"https:\/\/rencontrescinemas.eu\/2025\/\",\"name\":\"Rencontres des cin\\u00e9mas d&#039;Europe 2025\",\"description\":\"Un site utilisant Les Rencontres des Cin\\u00e9mas d'Europe\",\"potentialAction\":[{\"@type\":\"SearchAction\",\"target\":{\"@type\":\"EntryPoint\",\"urlTemplate\":\"https:\/\/rencontrescinemas.eu\/2025\/?s={search_term_string}\"},\"query-input\":\"required name=search_term_string\"}],\"inLanguage\":\"fr-FR\"},{\"@type\":\"ImageObject\",\"@id\":\"https:\/\/rencontrescinemas.eu\/2025\/related\/realite-virtuelle\/#primaryimage\",\"inLanguage\":\"fr-FR\",\"url\":\"https:\/\/rencontrescinemas.eu\/2025\/wp-content\/uploads\/sites\/8\/2025\/10\/spectateurs-9-scaled.jpg\",\"contentUrl\":\"https:\/\/rencontrescinemas.eu\/2025\/wp-content\/uploads\/sites\/8\/2025\/10\/spectateurs-9-scaled.jpg\",\"width\":2560,\"height\":1920},{\"@type\":\"WebPage\",\"@id\":\"https:\/\/rencontrescinemas.eu\/2025\/related\/realite-virtuelle\/#webpage\",\"url\":\"https:\/\/rencontrescinemas.eu\/2025\/related\/realite-virtuelle\/\",\"name\":\"R\\u00e9alit\\u00e9 virtuelle - Rencontres des cin\\u00e9mas d&#039;Europe 2025\",\"isPartOf\":{\"@id\":\"https:\/\/rencontrescinemas.eu\/2025\/#website\"},\"primaryImageOfPage\":{\"@id\":\"https:\/\/rencontrescinemas.eu\/2025\/related\/realite-virtuelle\/#primaryimage\"},\"datePublished\":\"2025-10-30T21:44:34+00:00\",\"dateModified\":\"2025-11-17T19:24:12+00:00\",\"breadcrumb\":{\"@id\":\"https:\/\/rencontrescinemas.eu\/2025\/related\/realite-virtuelle\/#breadcrumb\"},\"inLanguage\":\"fr-FR\",\"potentialAction\":[{\"@type\":\"ReadAction\",\"target\":[\"https:\/\/rencontrescinemas.eu\/2025\/related\/realite-virtuelle\/\"]}]},{\"@type\":\"BreadcrumbList\",\"@id\":\"https:\/\/rencontrescinemas.eu\/2025\/related\/realite-virtuelle\/#breadcrumb\",\"itemListElement\":[{\"@type\":\"ListItem\",\"position\":1,\"name\":\"Accueil\",\"item\":\"https:\/\/rencontrescinemas.eu\/2025\/\"},{\"@type\":\"ListItem\",\"position\":2,\"name\":\"Et aussi...\",\"item\":\"https:\/\/rencontrescinemas.eu\/2025\/related\/\"},{\"@type\":\"ListItem\",\"position\":3,\"name\":\"R\\u00e9alit\\u00e9 virtuelle\"}]}]}<\/script>\n<!-- \/ Yoast SEO plugin. -->","yoast_head_json":{"robots":{"index":"index","follow":"follow","max-snippet":"max-snippet:-1","max-image-preview":"max-image-preview:large","max-video-preview":"max-video-preview:-1"},"canonical":"https:\/\/rencontrescinemas.eu\/2025\/related\/realite-virtuelle\/","og_locale":"fr_FR","og_type":"article","og_title":"R\u00e9alit\u00e9 virtuelle - Rencontres des cin\u00e9mas d&#039;Europe 2025","og_description":"La r\u00e9alit\u00e9 virtuelle simule la pr\u00e9sence du spectateur dans un monde virtuel, afin de l\u2019immerger totalement dans&nbsp;un contenu, une histoire, une \u0153uvre. Le spectateur doit s\u2019\u00e9quiper d\u2019un casque qui permet d\u2019avoir une vision \u00e0&nbsp;360\u00b0, le pla\u00e7ant ainsi au c\u0153ur de l\u2019action, et l\u2019isolant de l\u2019environnement r\u00e9el dans lequel il se trouve. L\u2019immersion, alli\u00e9e \u00e0 la [&hellip;]","og_url":"https:\/\/rencontrescinemas.eu\/2025\/related\/realite-virtuelle\/","og_site_name":"Rencontres des cin\u00e9mas d&#039;Europe 2025","article_modified_time":"2025-11-17T19:24:12+00:00","og_image":[{"width":2560,"height":1920,"url":"https:\/\/rencontrescinemas.eu\/2025\/wp-content\/uploads\/sites\/8\/2025\/10\/spectateurs-9-scaled.jpg","type":"image\/jpeg"}],"twitter_card":"summary_large_image","twitter_misc":{"Dur\u00e9e de lecture est.":"3 minutes"},"schema":{"@context":"https:\/\/schema.org","@graph":[{"@type":"WebSite","@id":"https:\/\/rencontrescinemas.eu\/2025\/#website","url":"https:\/\/rencontrescinemas.eu\/2025\/","name":"Rencontres des cin\u00e9mas d&#039;Europe 2025","description":"Un site utilisant Les Rencontres des Cin\u00e9mas d'Europe","potentialAction":[{"@type":"SearchAction","target":{"@type":"EntryPoint","urlTemplate":"https:\/\/rencontrescinemas.eu\/2025\/?s={search_term_string}"},"query-input":"required name=search_term_string"}],"inLanguage":"fr-FR"},{"@type":"ImageObject","@id":"https:\/\/rencontrescinemas.eu\/2025\/related\/realite-virtuelle\/#primaryimage","inLanguage":"fr-FR","url":"https:\/\/rencontrescinemas.eu\/2025\/wp-content\/uploads\/sites\/8\/2025\/10\/spectateurs-9-scaled.jpg","contentUrl":"https:\/\/rencontrescinemas.eu\/2025\/wp-content\/uploads\/sites\/8\/2025\/10\/spectateurs-9-scaled.jpg","width":2560,"height":1920},{"@type":"WebPage","@id":"https:\/\/rencontrescinemas.eu\/2025\/related\/realite-virtuelle\/#webpage","url":"https:\/\/rencontrescinemas.eu\/2025\/related\/realite-virtuelle\/","name":"R\u00e9alit\u00e9 virtuelle - Rencontres des cin\u00e9mas d&#039;Europe 2025","isPartOf":{"@id":"https:\/\/rencontrescinemas.eu\/2025\/#website"},"primaryImageOfPage":{"@id":"https:\/\/rencontrescinemas.eu\/2025\/related\/realite-virtuelle\/#primaryimage"},"datePublished":"2025-10-30T21:44:34+00:00","dateModified":"2025-11-17T19:24:12+00:00","breadcrumb":{"@id":"https:\/\/rencontrescinemas.eu\/2025\/related\/realite-virtuelle\/#breadcrumb"},"inLanguage":"fr-FR","potentialAction":[{"@type":"ReadAction","target":["https:\/\/rencontrescinemas.eu\/2025\/related\/realite-virtuelle\/"]}]},{"@type":"BreadcrumbList","@id":"https:\/\/rencontrescinemas.eu\/2025\/related\/realite-virtuelle\/#breadcrumb","itemListElement":[{"@type":"ListItem","position":1,"name":"Accueil","item":"https:\/\/rencontrescinemas.eu\/2025\/"},{"@type":"ListItem","position":2,"name":"Et aussi...","item":"https:\/\/rencontrescinemas.eu\/2025\/related\/"},{"@type":"ListItem","position":3,"name":"R\u00e9alit\u00e9 virtuelle"}]}]}},"_links":{"self":[{"href":"https:\/\/rencontrescinemas.eu\/2025\/wp-json\/wp\/v2\/related\/658","targetHints":{"allow":["GET"]}}],"collection":[{"href":"https:\/\/rencontrescinemas.eu\/2025\/wp-json\/wp\/v2\/related"}],"about":[{"href":"https:\/\/rencontrescinemas.eu\/2025\/wp-json\/wp\/v2\/types\/related"}],"wp:featuredmedia":[{"embeddable":true,"href":"https:\/\/rencontrescinemas.eu\/2025\/wp-json\/wp\/v2\/media\/856"}],"wp:attachment":[{"href":"https:\/\/rencontrescinemas.eu\/2025\/wp-json\/wp\/v2\/media?parent=658"}],"curies":[{"name":"wp","href":"https:\/\/api.w.org\/{rel}","templated":true}]}}