{"id":841,"date":"2025-11-05T12:51:49","date_gmt":"2025-11-05T11:51:49","guid":{"rendered":"https:\/\/rencontrescinemas.eu\/2025\/?post_type=related&#038;p=841"},"modified":"2025-11-05T16:41:44","modified_gmt":"2025-11-05T15:41:44","slug":"voices-beyond-border","status":"publish","type":"related","link":"https:\/\/rencontrescinemas.eu\/2025\/related\/voices-beyond-border\/","title":{"rendered":"Voices Beyond Border"},"content":{"rendered":"\n<h2 class=\"wp-block-heading\">Une rencontre de jeunes grec\u00b7que\u00b7s<\/h2>\n\n\n\n<p>En partenariat avec l\u2019association <a href=\"https:\/\/rezonance.media\/\" target=\"_blank\" rel=\"noreferrer noopener\">reZonance<\/a><\/p>\n\n\n\n<p>Fortes de leurs exp\u00e9riences internationales et&nbsp;parce&nbsp;que Erasmus+, ce n\u2019est pas que pour les \u00e9tudiant\u00b7es, reZonance, Entaxis et la Maison de l\u2019Image Aubenas m\u00e8nent un projet d\u2019\u00e9change binational entre jeunes grec\u00b7ques et fran\u00e7ais\u00b7es. Apr\u00e8s une premi\u00e8re rencontre en Gr\u00e8ce, en ao\u00fbt, dans la r\u00e9gion de Kav\u00e1la, c\u2019est au tour du groupe de jeunes grec\u00b7ques de venir en France, en plein c\u0153ur de l\u2019Ard\u00e8che et du festival. Partenaires de longue date, les associations reZonance et la Maison de l\u2019Image Aubenas renforcent leur collaboration, cette ann\u00e9e, pour donner une&nbsp;place En partenariat avec Ard\u00e8che Images d\u2019honneur \u00e0 ce projet d\u2019\u00e9changes europ\u00e9ens et&nbsp;enrichir la dynamique interculturelle au c\u0153ur des&nbsp;Rencontres des Cin\u00e9mas d\u2019Europe. Tout au long de&nbsp;la&nbsp;semaine de festival, les jeunes franco-grec\u00b7ques seront accompagn\u00e9\u00b7es dans des temps d\u2019\u00e9changes interculturels, mais aussi dans l\u2019enregistrement de contenus audiovisuels et la r\u00e9alisation d\u2019une \u00e9mission en direct. Cette \u00e9mission finale donnera \u00e0 voir les&nbsp;cr\u00e9ations du groupe dans une discussion in\u00e9dite, mettant la lumi\u00e8re sur les jeunesses europ\u00e9ennes. <\/p>\n\n\n\n<p><strong>\u00c9mission en direct jeudi 20 novembre \u00e0 15h au bistrot des Rencontres et \u00e9galement sur les ondes de Fr\u00e9quence 7 !<\/strong><\/p>\n\n\n\n<p>INFOS CONTACT : contact@rezonance.media \u2013 07 49 77 67 16<\/p>\n\n\n\n<figure class=\"wp-block-image size-large\"><img loading=\"lazy\" decoding=\"async\" width=\"1024\" height=\"683\" src=\"https:\/\/rencontrescinemas.eu\/2025\/wp-content\/uploads\/sites\/8\/2025\/11\/Plateau-Rezo-1024x683.jpg\" alt=\"\" class=\"wp-image-938\" srcset=\"https:\/\/rencontrescinemas.eu\/2025\/wp-content\/uploads\/sites\/8\/2025\/11\/Plateau-Rezo-1024x683.jpg 1024w, https:\/\/rencontrescinemas.eu\/2025\/wp-content\/uploads\/sites\/8\/2025\/11\/Plateau-Rezo-300x200.jpg 300w, https:\/\/rencontrescinemas.eu\/2025\/wp-content\/uploads\/sites\/8\/2025\/11\/Plateau-Rezo-768x512.jpg 768w, https:\/\/rencontrescinemas.eu\/2025\/wp-content\/uploads\/sites\/8\/2025\/11\/Plateau-Rezo-1536x1024.jpg 1536w, https:\/\/rencontrescinemas.eu\/2025\/wp-content\/uploads\/sites\/8\/2025\/11\/Plateau-Rezo-2048x1365.jpg 2048w, https:\/\/rencontrescinemas.eu\/2025\/wp-content\/uploads\/sites\/8\/2025\/11\/Plateau-Rezo-1200x800.jpg 1200w, https:\/\/rencontrescinemas.eu\/2025\/wp-content\/uploads\/sites\/8\/2025\/11\/Plateau-Rezo-2000x1333.jpg 2000w, https:\/\/rencontrescinemas.eu\/2025\/wp-content\/uploads\/sites\/8\/2025\/11\/Plateau-Rezo-450x300.jpg 450w, https:\/\/rencontrescinemas.eu\/2025\/wp-content\/uploads\/sites\/8\/2025\/11\/Plateau-Rezo-120x80.jpg 120w\" sizes=\"auto, (max-width: 1024px) 100vw, 1024px\" \/><\/figure>\n","protected":false},"featured_media":938,"template":"","class_list":["post-841","related","type-related","status-publish","has-post-thumbnail","hentry"],"yoast_head":"<!-- This site is optimized with the Yoast SEO plugin v17.5 - https:\/\/yoast.com\/wordpress\/plugins\/seo\/ -->\n<meta name=\"robots\" content=\"index, follow, max-snippet:-1, max-image-preview:large, max-video-preview:-1\" \/>\n<link rel=\"canonical\" href=\"https:\/\/rencontrescinemas.eu\/2025\/related\/voices-beyond-border\/\" \/>\n<meta property=\"og:locale\" content=\"fr_FR\" \/>\n<meta property=\"og:type\" content=\"article\" \/>\n<meta property=\"og:title\" content=\"Voices Beyond Border - Rencontres des cin\u00e9mas d&#039;Europe 2025\" \/>\n<meta property=\"og:description\" content=\"Une rencontre de jeunes grec\u00b7que\u00b7s En partenariat avec l\u2019association reZonance Fortes de leurs exp\u00e9riences internationales et&nbsp;parce&nbsp;que Erasmus+, ce n\u2019est pas que pour les \u00e9tudiant\u00b7es, reZonance, Entaxis et la Maison de l\u2019Image Aubenas m\u00e8nent un projet d\u2019\u00e9change binational entre jeunes grec\u00b7ques et fran\u00e7ais\u00b7es. Apr\u00e8s une premi\u00e8re rencontre en Gr\u00e8ce, en ao\u00fbt, dans la r\u00e9gion de Kav\u00e1la, [&hellip;]\" \/>\n<meta property=\"og:url\" content=\"https:\/\/rencontrescinemas.eu\/2025\/related\/voices-beyond-border\/\" \/>\n<meta property=\"og:site_name\" content=\"Rencontres des cin\u00e9mas d&#039;Europe 2025\" \/>\n<meta property=\"article:modified_time\" content=\"2025-11-05T15:41:44+00:00\" \/>\n<meta property=\"og:image\" content=\"https:\/\/rencontrescinemas.eu\/2025\/wp-content\/uploads\/sites\/8\/2025\/11\/Plateau-Rezo-scaled.jpg\" \/>\n\t<meta property=\"og:image:width\" content=\"2560\" \/>\n\t<meta property=\"og:image:height\" content=\"1707\" \/>\n<meta name=\"twitter:card\" content=\"summary_large_image\" \/>\n<meta name=\"twitter:label1\" content=\"Dur\u00e9e de lecture est.\" \/>\n\t<meta name=\"twitter:data1\" content=\"1 minute\" \/>\n<script type=\"application\/ld+json\" class=\"yoast-schema-graph\">{\"@context\":\"https:\/\/schema.org\",\"@graph\":[{\"@type\":\"WebSite\",\"@id\":\"https:\/\/rencontrescinemas.eu\/2025\/#website\",\"url\":\"https:\/\/rencontrescinemas.eu\/2025\/\",\"name\":\"Rencontres des cin\\u00e9mas d&#039;Europe 2025\",\"description\":\"Un site utilisant Les Rencontres des Cin\\u00e9mas d'Europe\",\"potentialAction\":[{\"@type\":\"SearchAction\",\"target\":{\"@type\":\"EntryPoint\",\"urlTemplate\":\"https:\/\/rencontrescinemas.eu\/2025\/?s={search_term_string}\"},\"query-input\":\"required name=search_term_string\"}],\"inLanguage\":\"fr-FR\"},{\"@type\":\"ImageObject\",\"@id\":\"https:\/\/rencontrescinemas.eu\/2025\/related\/voices-beyond-border\/#primaryimage\",\"inLanguage\":\"fr-FR\",\"url\":\"https:\/\/rencontrescinemas.eu\/2025\/wp-content\/uploads\/sites\/8\/2025\/11\/Plateau-Rezo-scaled.jpg\",\"contentUrl\":\"https:\/\/rencontrescinemas.eu\/2025\/wp-content\/uploads\/sites\/8\/2025\/11\/Plateau-Rezo-scaled.jpg\",\"width\":2560,\"height\":1707},{\"@type\":\"WebPage\",\"@id\":\"https:\/\/rencontrescinemas.eu\/2025\/related\/voices-beyond-border\/#webpage\",\"url\":\"https:\/\/rencontrescinemas.eu\/2025\/related\/voices-beyond-border\/\",\"name\":\"Voices Beyond Border - Rencontres des cin\\u00e9mas d&#039;Europe 2025\",\"isPartOf\":{\"@id\":\"https:\/\/rencontrescinemas.eu\/2025\/#website\"},\"primaryImageOfPage\":{\"@id\":\"https:\/\/rencontrescinemas.eu\/2025\/related\/voices-beyond-border\/#primaryimage\"},\"datePublished\":\"2025-11-05T11:51:49+00:00\",\"dateModified\":\"2025-11-05T15:41:44+00:00\",\"breadcrumb\":{\"@id\":\"https:\/\/rencontrescinemas.eu\/2025\/related\/voices-beyond-border\/#breadcrumb\"},\"inLanguage\":\"fr-FR\",\"potentialAction\":[{\"@type\":\"ReadAction\",\"target\":[\"https:\/\/rencontrescinemas.eu\/2025\/related\/voices-beyond-border\/\"]}]},{\"@type\":\"BreadcrumbList\",\"@id\":\"https:\/\/rencontrescinemas.eu\/2025\/related\/voices-beyond-border\/#breadcrumb\",\"itemListElement\":[{\"@type\":\"ListItem\",\"position\":1,\"name\":\"Accueil\",\"item\":\"https:\/\/rencontrescinemas.eu\/2025\/\"},{\"@type\":\"ListItem\",\"position\":2,\"name\":\"Et aussi...\",\"item\":\"https:\/\/rencontrescinemas.eu\/2025\/related\/\"},{\"@type\":\"ListItem\",\"position\":3,\"name\":\"Voices Beyond Border\"}]}]}<\/script>\n<!-- \/ Yoast SEO plugin. -->","yoast_head_json":{"robots":{"index":"index","follow":"follow","max-snippet":"max-snippet:-1","max-image-preview":"max-image-preview:large","max-video-preview":"max-video-preview:-1"},"canonical":"https:\/\/rencontrescinemas.eu\/2025\/related\/voices-beyond-border\/","og_locale":"fr_FR","og_type":"article","og_title":"Voices Beyond Border - Rencontres des cin\u00e9mas d&#039;Europe 2025","og_description":"Une rencontre de jeunes grec\u00b7que\u00b7s En partenariat avec l\u2019association reZonance Fortes de leurs exp\u00e9riences internationales et&nbsp;parce&nbsp;que Erasmus+, ce n\u2019est pas que pour les \u00e9tudiant\u00b7es, reZonance, Entaxis et la Maison de l\u2019Image Aubenas m\u00e8nent un projet d\u2019\u00e9change binational entre jeunes grec\u00b7ques et fran\u00e7ais\u00b7es. Apr\u00e8s une premi\u00e8re rencontre en Gr\u00e8ce, en ao\u00fbt, dans la r\u00e9gion de Kav\u00e1la, [&hellip;]","og_url":"https:\/\/rencontrescinemas.eu\/2025\/related\/voices-beyond-border\/","og_site_name":"Rencontres des cin\u00e9mas d&#039;Europe 2025","article_modified_time":"2025-11-05T15:41:44+00:00","og_image":[{"width":2560,"height":1707,"url":"https:\/\/rencontrescinemas.eu\/2025\/wp-content\/uploads\/sites\/8\/2025\/11\/Plateau-Rezo-scaled.jpg","type":"image\/jpeg"}],"twitter_card":"summary_large_image","twitter_misc":{"Dur\u00e9e de lecture est.":"1 minute"},"schema":{"@context":"https:\/\/schema.org","@graph":[{"@type":"WebSite","@id":"https:\/\/rencontrescinemas.eu\/2025\/#website","url":"https:\/\/rencontrescinemas.eu\/2025\/","name":"Rencontres des cin\u00e9mas d&#039;Europe 2025","description":"Un site utilisant Les Rencontres des Cin\u00e9mas d'Europe","potentialAction":[{"@type":"SearchAction","target":{"@type":"EntryPoint","urlTemplate":"https:\/\/rencontrescinemas.eu\/2025\/?s={search_term_string}"},"query-input":"required name=search_term_string"}],"inLanguage":"fr-FR"},{"@type":"ImageObject","@id":"https:\/\/rencontrescinemas.eu\/2025\/related\/voices-beyond-border\/#primaryimage","inLanguage":"fr-FR","url":"https:\/\/rencontrescinemas.eu\/2025\/wp-content\/uploads\/sites\/8\/2025\/11\/Plateau-Rezo-scaled.jpg","contentUrl":"https:\/\/rencontrescinemas.eu\/2025\/wp-content\/uploads\/sites\/8\/2025\/11\/Plateau-Rezo-scaled.jpg","width":2560,"height":1707},{"@type":"WebPage","@id":"https:\/\/rencontrescinemas.eu\/2025\/related\/voices-beyond-border\/#webpage","url":"https:\/\/rencontrescinemas.eu\/2025\/related\/voices-beyond-border\/","name":"Voices Beyond Border - Rencontres des cin\u00e9mas d&#039;Europe 2025","isPartOf":{"@id":"https:\/\/rencontrescinemas.eu\/2025\/#website"},"primaryImageOfPage":{"@id":"https:\/\/rencontrescinemas.eu\/2025\/related\/voices-beyond-border\/#primaryimage"},"datePublished":"2025-11-05T11:51:49+00:00","dateModified":"2025-11-05T15:41:44+00:00","breadcrumb":{"@id":"https:\/\/rencontrescinemas.eu\/2025\/related\/voices-beyond-border\/#breadcrumb"},"inLanguage":"fr-FR","potentialAction":[{"@type":"ReadAction","target":["https:\/\/rencontrescinemas.eu\/2025\/related\/voices-beyond-border\/"]}]},{"@type":"BreadcrumbList","@id":"https:\/\/rencontrescinemas.eu\/2025\/related\/voices-beyond-border\/#breadcrumb","itemListElement":[{"@type":"ListItem","position":1,"name":"Accueil","item":"https:\/\/rencontrescinemas.eu\/2025\/"},{"@type":"ListItem","position":2,"name":"Et aussi...","item":"https:\/\/rencontrescinemas.eu\/2025\/related\/"},{"@type":"ListItem","position":3,"name":"Voices Beyond Border"}]}]}},"_links":{"self":[{"href":"https:\/\/rencontrescinemas.eu\/2025\/wp-json\/wp\/v2\/related\/841","targetHints":{"allow":["GET"]}}],"collection":[{"href":"https:\/\/rencontrescinemas.eu\/2025\/wp-json\/wp\/v2\/related"}],"about":[{"href":"https:\/\/rencontrescinemas.eu\/2025\/wp-json\/wp\/v2\/types\/related"}],"wp:featuredmedia":[{"embeddable":true,"href":"https:\/\/rencontrescinemas.eu\/2025\/wp-json\/wp\/v2\/media\/938"}],"wp:attachment":[{"href":"https:\/\/rencontrescinemas.eu\/2025\/wp-json\/wp\/v2\/media?parent=841"}],"curies":[{"name":"wp","href":"https:\/\/api.w.org\/{rel}","templated":true}]}}