{"id":951,"date":"2025-11-05T15:03:21","date_gmt":"2025-11-05T14:03:21","guid":{"rendered":"https:\/\/rencontrescinemas.eu\/2025\/?post_type=related&#038;p=951"},"modified":"2025-11-05T16:39:34","modified_gmt":"2025-11-05T15:39:34","slug":"les-dossiers-de-lecran","status":"publish","type":"related","link":"https:\/\/rencontrescinemas.eu\/2025\/related\/les-dossiers-de-lecran\/","title":{"rendered":"Les dossiers de l&rsquo;\u00e9cran"},"content":{"rendered":"\n<h2 class=\"wp-block-heading\">Journaliste, un m\u00e9tier sous influence?<\/h2>\n\n\n\n<p><br>L\u2019\u00e9poque de la grand-messe du journal t\u00e9l\u00e9vis\u00e9 comme rendez-vous incontournable de l\u2019information a fait long feu. La presse \u00e9crite s\u2019est num\u00e9ris\u00e9e et la radio a elle aussi consid\u00e9rablement \u00e9volu\u00e9 avec le temps. Aujourd\u2019hui, on s\u2019informe massivement sur nos smartphones et ce ne sont pas toujours (pas souvent ?) des journalistes qui signent les articles. Comment pratique-t-on le journalisme aujourd\u2019hui ? Quelles sont les influences des mod\u00e8les \u00e9conomiques des m\u00e9dias sur le m\u00e9tier de journaliste? Quelles alternatives existent aux m\u00e9dias mainstream? <\/p>\n\n\n\n<div style=\"height:52px\" aria-hidden=\"true\" class=\"wp-block-spacer\"><\/div>\n\n\n\n<p>Nous partagerons ces questionnements avec:<br>\u2013 <strong>Lauriane Ploix<\/strong>, journaliste de presse \u00e9crite. Apr\u00e8s un parcours en presse locale et nationale, elle a fond\u00e9 l\u2019association Tout Va Bien (TVB). Sp\u00e9cialis\u00e9e dans le journalisme de solutions, l\u2019association \u00e9dite un magazine participatif et intervient r\u00e9guli\u00e8rement aupr\u00e8s des jeunes pour de l\u2019\u00e9ducation aux m\u00e9dias<br>et \u00e0 l\u2019information (EMI).<br>\u2013 <strong>Fran\u00e7ois Bougon<\/strong>, journaliste au p\u00f4le international de Mediapart depuis 2019. Il a \u00e9galement travaill\u00e9 \u00e0 l\u2019Agence France-Presse, o\u00f9 il a \u00e9t\u00e9 correspondant \u00e0 P\u00e9kin entre 2005 et 2010, et au Monde. Il est aussi l\u2019auteur de livres sur la Chine, dont Dans la t\u00eate de Xi Jinping (\u00e9ditions Actes Sud).<br>\u2013 <strong>Vladimir Vasak<\/strong>, journaliste \u00e0 Arte et grand reporter, il couvre les grands bouleversements mondiaux. D\u00e9fenseur d\u2019une information ind\u00e9pendante et des valeurs europ\u00e9ennes, il affirme que les droits humains doivent toujours \u00eatre prot\u00e9g\u00e9s et reste convaincu de l\u2019importance et du besoin de m\u00e9dias ind\u00e9pendants.<\/p>\n\n\n\n<p><br><strong>VEN 21 novembre > 15h \u00e0 la m\u00e9diath\u00e8que Jean Ferrat<\/strong><br>discussion anim\u00e9e par Sophie Lef\u00e8vre (Fr\u00e9quence 7)<\/p>\n\n\n\n<p><\/p>\n","protected":false},"featured_media":952,"template":"","class_list":["post-951","related","type-related","status-publish","has-post-thumbnail","hentry"],"yoast_head":"<!-- This site is optimized with the Yoast SEO plugin v17.5 - https:\/\/yoast.com\/wordpress\/plugins\/seo\/ -->\n<meta name=\"robots\" content=\"index, follow, max-snippet:-1, max-image-preview:large, max-video-preview:-1\" \/>\n<link rel=\"canonical\" href=\"https:\/\/rencontrescinemas.eu\/2025\/related\/les-dossiers-de-lecran\/\" \/>\n<meta property=\"og:locale\" content=\"fr_FR\" \/>\n<meta property=\"og:type\" content=\"article\" \/>\n<meta property=\"og:title\" content=\"Les dossiers de l&#039;\u00e9cran - Rencontres des cin\u00e9mas d&#039;Europe 2025\" \/>\n<meta property=\"og:description\" content=\"Journaliste, un m\u00e9tier sous influence? L\u2019\u00e9poque de la grand-messe du journal t\u00e9l\u00e9vis\u00e9 comme rendez-vous incontournable de l\u2019information a fait long feu. La presse \u00e9crite s\u2019est num\u00e9ris\u00e9e et la radio a elle aussi consid\u00e9rablement \u00e9volu\u00e9 avec le temps. Aujourd\u2019hui, on s\u2019informe massivement sur nos smartphones et ce ne sont pas toujours (pas souvent ?) des journalistes [&hellip;]\" \/>\n<meta property=\"og:url\" content=\"https:\/\/rencontrescinemas.eu\/2025\/related\/les-dossiers-de-lecran\/\" \/>\n<meta property=\"og:site_name\" content=\"Rencontres des cin\u00e9mas d&#039;Europe 2025\" \/>\n<meta property=\"article:modified_time\" content=\"2025-11-05T15:39:34+00:00\" \/>\n<meta property=\"og:image\" content=\"https:\/\/rencontrescinemas.eu\/2025\/wp-content\/uploads\/sites\/8\/2025\/11\/les-dossiers-de-l-ecran.jpg\" \/>\n\t<meta property=\"og:image:width\" content=\"2160\" \/>\n\t<meta property=\"og:image:height\" content=\"1433\" \/>\n<meta name=\"twitter:card\" content=\"summary_large_image\" \/>\n<meta name=\"twitter:label1\" content=\"Dur\u00e9e de lecture est.\" \/>\n\t<meta name=\"twitter:data1\" content=\"1 minute\" \/>\n<script type=\"application\/ld+json\" class=\"yoast-schema-graph\">{\"@context\":\"https:\/\/schema.org\",\"@graph\":[{\"@type\":\"WebSite\",\"@id\":\"https:\/\/rencontrescinemas.eu\/2025\/#website\",\"url\":\"https:\/\/rencontrescinemas.eu\/2025\/\",\"name\":\"Rencontres des cin\\u00e9mas d&#039;Europe 2025\",\"description\":\"Un site utilisant Les Rencontres des Cin\\u00e9mas d'Europe\",\"potentialAction\":[{\"@type\":\"SearchAction\",\"target\":{\"@type\":\"EntryPoint\",\"urlTemplate\":\"https:\/\/rencontrescinemas.eu\/2025\/?s={search_term_string}\"},\"query-input\":\"required name=search_term_string\"}],\"inLanguage\":\"fr-FR\"},{\"@type\":\"ImageObject\",\"@id\":\"https:\/\/rencontrescinemas.eu\/2025\/related\/les-dossiers-de-lecran\/#primaryimage\",\"inLanguage\":\"fr-FR\",\"url\":\"https:\/\/rencontrescinemas.eu\/2025\/wp-content\/uploads\/sites\/8\/2025\/11\/les-dossiers-de-l-ecran.jpg\",\"contentUrl\":\"https:\/\/rencontrescinemas.eu\/2025\/wp-content\/uploads\/sites\/8\/2025\/11\/les-dossiers-de-l-ecran.jpg\",\"width\":2160,\"height\":1433},{\"@type\":\"WebPage\",\"@id\":\"https:\/\/rencontrescinemas.eu\/2025\/related\/les-dossiers-de-lecran\/#webpage\",\"url\":\"https:\/\/rencontrescinemas.eu\/2025\/related\/les-dossiers-de-lecran\/\",\"name\":\"Les dossiers de l'\\u00e9cran - Rencontres des cin\\u00e9mas d&#039;Europe 2025\",\"isPartOf\":{\"@id\":\"https:\/\/rencontrescinemas.eu\/2025\/#website\"},\"primaryImageOfPage\":{\"@id\":\"https:\/\/rencontrescinemas.eu\/2025\/related\/les-dossiers-de-lecran\/#primaryimage\"},\"datePublished\":\"2025-11-05T14:03:21+00:00\",\"dateModified\":\"2025-11-05T15:39:34+00:00\",\"breadcrumb\":{\"@id\":\"https:\/\/rencontrescinemas.eu\/2025\/related\/les-dossiers-de-lecran\/#breadcrumb\"},\"inLanguage\":\"fr-FR\",\"potentialAction\":[{\"@type\":\"ReadAction\",\"target\":[\"https:\/\/rencontrescinemas.eu\/2025\/related\/les-dossiers-de-lecran\/\"]}]},{\"@type\":\"BreadcrumbList\",\"@id\":\"https:\/\/rencontrescinemas.eu\/2025\/related\/les-dossiers-de-lecran\/#breadcrumb\",\"itemListElement\":[{\"@type\":\"ListItem\",\"position\":1,\"name\":\"Accueil\",\"item\":\"https:\/\/rencontrescinemas.eu\/2025\/\"},{\"@type\":\"ListItem\",\"position\":2,\"name\":\"Et aussi...\",\"item\":\"https:\/\/rencontrescinemas.eu\/2025\/related\/\"},{\"@type\":\"ListItem\",\"position\":3,\"name\":\"Les dossiers de l&rsquo;\\u00e9cran\"}]}]}<\/script>\n<!-- \/ Yoast SEO plugin. -->","yoast_head_json":{"robots":{"index":"index","follow":"follow","max-snippet":"max-snippet:-1","max-image-preview":"max-image-preview:large","max-video-preview":"max-video-preview:-1"},"canonical":"https:\/\/rencontrescinemas.eu\/2025\/related\/les-dossiers-de-lecran\/","og_locale":"fr_FR","og_type":"article","og_title":"Les dossiers de l'\u00e9cran - Rencontres des cin\u00e9mas d&#039;Europe 2025","og_description":"Journaliste, un m\u00e9tier sous influence? L\u2019\u00e9poque de la grand-messe du journal t\u00e9l\u00e9vis\u00e9 comme rendez-vous incontournable de l\u2019information a fait long feu. La presse \u00e9crite s\u2019est num\u00e9ris\u00e9e et la radio a elle aussi consid\u00e9rablement \u00e9volu\u00e9 avec le temps. Aujourd\u2019hui, on s\u2019informe massivement sur nos smartphones et ce ne sont pas toujours (pas souvent ?) des journalistes [&hellip;]","og_url":"https:\/\/rencontrescinemas.eu\/2025\/related\/les-dossiers-de-lecran\/","og_site_name":"Rencontres des cin\u00e9mas d&#039;Europe 2025","article_modified_time":"2025-11-05T15:39:34+00:00","og_image":[{"width":2160,"height":1433,"url":"https:\/\/rencontrescinemas.eu\/2025\/wp-content\/uploads\/sites\/8\/2025\/11\/les-dossiers-de-l-ecran.jpg","type":"image\/jpeg"}],"twitter_card":"summary_large_image","twitter_misc":{"Dur\u00e9e de lecture est.":"1 minute"},"schema":{"@context":"https:\/\/schema.org","@graph":[{"@type":"WebSite","@id":"https:\/\/rencontrescinemas.eu\/2025\/#website","url":"https:\/\/rencontrescinemas.eu\/2025\/","name":"Rencontres des cin\u00e9mas d&#039;Europe 2025","description":"Un site utilisant Les Rencontres des Cin\u00e9mas d'Europe","potentialAction":[{"@type":"SearchAction","target":{"@type":"EntryPoint","urlTemplate":"https:\/\/rencontrescinemas.eu\/2025\/?s={search_term_string}"},"query-input":"required name=search_term_string"}],"inLanguage":"fr-FR"},{"@type":"ImageObject","@id":"https:\/\/rencontrescinemas.eu\/2025\/related\/les-dossiers-de-lecran\/#primaryimage","inLanguage":"fr-FR","url":"https:\/\/rencontrescinemas.eu\/2025\/wp-content\/uploads\/sites\/8\/2025\/11\/les-dossiers-de-l-ecran.jpg","contentUrl":"https:\/\/rencontrescinemas.eu\/2025\/wp-content\/uploads\/sites\/8\/2025\/11\/les-dossiers-de-l-ecran.jpg","width":2160,"height":1433},{"@type":"WebPage","@id":"https:\/\/rencontrescinemas.eu\/2025\/related\/les-dossiers-de-lecran\/#webpage","url":"https:\/\/rencontrescinemas.eu\/2025\/related\/les-dossiers-de-lecran\/","name":"Les dossiers de l'\u00e9cran - Rencontres des cin\u00e9mas d&#039;Europe 2025","isPartOf":{"@id":"https:\/\/rencontrescinemas.eu\/2025\/#website"},"primaryImageOfPage":{"@id":"https:\/\/rencontrescinemas.eu\/2025\/related\/les-dossiers-de-lecran\/#primaryimage"},"datePublished":"2025-11-05T14:03:21+00:00","dateModified":"2025-11-05T15:39:34+00:00","breadcrumb":{"@id":"https:\/\/rencontrescinemas.eu\/2025\/related\/les-dossiers-de-lecran\/#breadcrumb"},"inLanguage":"fr-FR","potentialAction":[{"@type":"ReadAction","target":["https:\/\/rencontrescinemas.eu\/2025\/related\/les-dossiers-de-lecran\/"]}]},{"@type":"BreadcrumbList","@id":"https:\/\/rencontrescinemas.eu\/2025\/related\/les-dossiers-de-lecran\/#breadcrumb","itemListElement":[{"@type":"ListItem","position":1,"name":"Accueil","item":"https:\/\/rencontrescinemas.eu\/2025\/"},{"@type":"ListItem","position":2,"name":"Et aussi...","item":"https:\/\/rencontrescinemas.eu\/2025\/related\/"},{"@type":"ListItem","position":3,"name":"Les dossiers de l&rsquo;\u00e9cran"}]}]}},"_links":{"self":[{"href":"https:\/\/rencontrescinemas.eu\/2025\/wp-json\/wp\/v2\/related\/951","targetHints":{"allow":["GET"]}}],"collection":[{"href":"https:\/\/rencontrescinemas.eu\/2025\/wp-json\/wp\/v2\/related"}],"about":[{"href":"https:\/\/rencontrescinemas.eu\/2025\/wp-json\/wp\/v2\/types\/related"}],"wp:featuredmedia":[{"embeddable":true,"href":"https:\/\/rencontrescinemas.eu\/2025\/wp-json\/wp\/v2\/media\/952"}],"wp:attachment":[{"href":"https:\/\/rencontrescinemas.eu\/2025\/wp-json\/wp\/v2\/media?parent=951"}],"curies":[{"name":"wp","href":"https:\/\/api.w.org\/{rel}","templated":true}]}}