{"id":959,"date":"2025-11-05T15:41:02","date_gmt":"2025-11-05T14:41:02","guid":{"rendered":"https:\/\/rencontrescinemas.eu\/2025\/?post_type=related&#038;p=959"},"modified":"2025-11-05T15:41:02","modified_gmt":"2025-11-05T14:41:02","slug":"concert","status":"publish","type":"related","link":"https:\/\/rencontrescinemas.eu\/2025\/related\/concert\/","title":{"rendered":"Concert"},"content":{"rendered":"\n<h2 class=\"wp-block-heading\">\u00c9clats &#8211; par le ch\u0153ur \u00c9bullition,<br><strong>chants polyphoniques contemporains<\/strong><\/h2>\n\n\n\n<p><br>\u00c9clat: n.m, fragment d\u00e9tach\u00e9 d\u2019un corps qui \u00e9clate.<br>Par analogie, ce programme d\u2019\u0153uvres a cappella chemine dans l\u2019\u00e9vocation d\u2019une lueur, de la guerre, d\u2019un rire ou simplement de la beaut\u00e9. Des harmonies planantes de Sofia S\u00f6derberg et P\u00e4rt Uusberg, au \u00ab traditionalisme \u00e9clectique \u00bb de Jaakko M\u00e4ntyj\u00e4rvi, en passant par le jeu rythmique de R\u014d Ogura, les 21 choristes fouillent les m\u00e9andres d\u2019un r\u00e9pertoire aux multiples atmosph\u00e8res, du murmure \u00e0 l\u2019\u00e9clat! Cr\u00e9\u00e9 en octobre 2023, le ch\u0153ur \u00c9bullition explore un r\u00e9pertoire d\u2019\u0153uvres contemporaines essentiellement europ\u00e9ennes et fran\u00e7aises. Un travail autour de la spatialisation du ch\u0153ur est en \u0153uvre pour immerger le public dans un bain sonore. <br>Direction: Magali Brillault.<\/p>\n\n\n\n<div style=\"height:47px\" aria-hidden=\"true\" class=\"wp-block-spacer\"><\/div>\n\n\n\n<p><strong>DIM 23 novembre \u00e0 15h<\/strong><br>Eglise St-Laurent (Aubenas)<br>6\u20ac tarif r\u00e9duit \/ 8\u20ac tarif plein<\/p>\n\n\n\n<p><\/p>\n","protected":false},"featured_media":960,"template":"","class_list":["post-959","related","type-related","status-publish","has-post-thumbnail","hentry"],"yoast_head":"<!-- This site is optimized with the Yoast SEO plugin v17.5 - https:\/\/yoast.com\/wordpress\/plugins\/seo\/ -->\n<meta name=\"robots\" content=\"index, follow, max-snippet:-1, max-image-preview:large, max-video-preview:-1\" \/>\n<link rel=\"canonical\" href=\"https:\/\/rencontrescinemas.eu\/2025\/related\/concert\/\" \/>\n<meta property=\"og:locale\" content=\"fr_FR\" \/>\n<meta property=\"og:type\" content=\"article\" \/>\n<meta property=\"og:title\" content=\"Concert - Rencontres des cin\u00e9mas d&#039;Europe 2025\" \/>\n<meta property=\"og:description\" content=\"\u00c9clats &#8211; par le ch\u0153ur \u00c9bullition,chants polyphoniques contemporains \u00c9clat: n.m, fragment d\u00e9tach\u00e9 d\u2019un corps qui \u00e9clate.Par analogie, ce programme d\u2019\u0153uvres a cappella chemine dans l\u2019\u00e9vocation d\u2019une lueur, de la guerre, d\u2019un rire ou simplement de la beaut\u00e9. Des harmonies planantes de Sofia S\u00f6derberg et P\u00e4rt Uusberg, au \u00ab traditionalisme \u00e9clectique \u00bb de Jaakko M\u00e4ntyj\u00e4rvi, en [&hellip;]\" \/>\n<meta property=\"og:url\" content=\"https:\/\/rencontrescinemas.eu\/2025\/related\/concert\/\" \/>\n<meta property=\"og:site_name\" content=\"Rencontres des cin\u00e9mas d&#039;Europe 2025\" \/>\n<meta property=\"og:image\" content=\"https:\/\/rencontrescinemas.eu\/2025\/wp-content\/uploads\/sites\/8\/2025\/11\/EBULLITION.jpg\" \/>\n\t<meta property=\"og:image:width\" content=\"2560\" \/>\n\t<meta property=\"og:image:height\" content=\"1440\" \/>\n<meta name=\"twitter:card\" content=\"summary_large_image\" \/>\n<meta name=\"twitter:label1\" content=\"Dur\u00e9e de lecture est.\" \/>\n\t<meta name=\"twitter:data1\" content=\"1 minute\" \/>\n<script type=\"application\/ld+json\" class=\"yoast-schema-graph\">{\"@context\":\"https:\/\/schema.org\",\"@graph\":[{\"@type\":\"WebSite\",\"@id\":\"https:\/\/rencontrescinemas.eu\/2025\/#website\",\"url\":\"https:\/\/rencontrescinemas.eu\/2025\/\",\"name\":\"Rencontres des cin\\u00e9mas d&#039;Europe 2025\",\"description\":\"Un site utilisant Les Rencontres des Cin\\u00e9mas d'Europe\",\"potentialAction\":[{\"@type\":\"SearchAction\",\"target\":{\"@type\":\"EntryPoint\",\"urlTemplate\":\"https:\/\/rencontrescinemas.eu\/2025\/?s={search_term_string}\"},\"query-input\":\"required name=search_term_string\"}],\"inLanguage\":\"fr-FR\"},{\"@type\":\"ImageObject\",\"@id\":\"https:\/\/rencontrescinemas.eu\/2025\/related\/concert\/#primaryimage\",\"inLanguage\":\"fr-FR\",\"url\":\"https:\/\/rencontrescinemas.eu\/2025\/wp-content\/uploads\/sites\/8\/2025\/11\/EBULLITION.jpg\",\"contentUrl\":\"https:\/\/rencontrescinemas.eu\/2025\/wp-content\/uploads\/sites\/8\/2025\/11\/EBULLITION.jpg\",\"width\":2560,\"height\":1440},{\"@type\":\"WebPage\",\"@id\":\"https:\/\/rencontrescinemas.eu\/2025\/related\/concert\/#webpage\",\"url\":\"https:\/\/rencontrescinemas.eu\/2025\/related\/concert\/\",\"name\":\"Concert - Rencontres des cin\\u00e9mas d&#039;Europe 2025\",\"isPartOf\":{\"@id\":\"https:\/\/rencontrescinemas.eu\/2025\/#website\"},\"primaryImageOfPage\":{\"@id\":\"https:\/\/rencontrescinemas.eu\/2025\/related\/concert\/#primaryimage\"},\"datePublished\":\"2025-11-05T14:41:02+00:00\",\"dateModified\":\"2025-11-05T14:41:02+00:00\",\"breadcrumb\":{\"@id\":\"https:\/\/rencontrescinemas.eu\/2025\/related\/concert\/#breadcrumb\"},\"inLanguage\":\"fr-FR\",\"potentialAction\":[{\"@type\":\"ReadAction\",\"target\":[\"https:\/\/rencontrescinemas.eu\/2025\/related\/concert\/\"]}]},{\"@type\":\"BreadcrumbList\",\"@id\":\"https:\/\/rencontrescinemas.eu\/2025\/related\/concert\/#breadcrumb\",\"itemListElement\":[{\"@type\":\"ListItem\",\"position\":1,\"name\":\"Accueil\",\"item\":\"https:\/\/rencontrescinemas.eu\/2025\/\"},{\"@type\":\"ListItem\",\"position\":2,\"name\":\"Et aussi...\",\"item\":\"https:\/\/rencontrescinemas.eu\/2025\/related\/\"},{\"@type\":\"ListItem\",\"position\":3,\"name\":\"Concert\"}]}]}<\/script>\n<!-- \/ Yoast SEO plugin. -->","yoast_head_json":{"robots":{"index":"index","follow":"follow","max-snippet":"max-snippet:-1","max-image-preview":"max-image-preview:large","max-video-preview":"max-video-preview:-1"},"canonical":"https:\/\/rencontrescinemas.eu\/2025\/related\/concert\/","og_locale":"fr_FR","og_type":"article","og_title":"Concert - Rencontres des cin\u00e9mas d&#039;Europe 2025","og_description":"\u00c9clats &#8211; par le ch\u0153ur \u00c9bullition,chants polyphoniques contemporains \u00c9clat: n.m, fragment d\u00e9tach\u00e9 d\u2019un corps qui \u00e9clate.Par analogie, ce programme d\u2019\u0153uvres a cappella chemine dans l\u2019\u00e9vocation d\u2019une lueur, de la guerre, d\u2019un rire ou simplement de la beaut\u00e9. Des harmonies planantes de Sofia S\u00f6derberg et P\u00e4rt Uusberg, au \u00ab traditionalisme \u00e9clectique \u00bb de Jaakko M\u00e4ntyj\u00e4rvi, en [&hellip;]","og_url":"https:\/\/rencontrescinemas.eu\/2025\/related\/concert\/","og_site_name":"Rencontres des cin\u00e9mas d&#039;Europe 2025","og_image":[{"width":2560,"height":1440,"url":"https:\/\/rencontrescinemas.eu\/2025\/wp-content\/uploads\/sites\/8\/2025\/11\/EBULLITION.jpg","type":"image\/jpeg"}],"twitter_card":"summary_large_image","twitter_misc":{"Dur\u00e9e de lecture est.":"1 minute"},"schema":{"@context":"https:\/\/schema.org","@graph":[{"@type":"WebSite","@id":"https:\/\/rencontrescinemas.eu\/2025\/#website","url":"https:\/\/rencontrescinemas.eu\/2025\/","name":"Rencontres des cin\u00e9mas d&#039;Europe 2025","description":"Un site utilisant Les Rencontres des Cin\u00e9mas d'Europe","potentialAction":[{"@type":"SearchAction","target":{"@type":"EntryPoint","urlTemplate":"https:\/\/rencontrescinemas.eu\/2025\/?s={search_term_string}"},"query-input":"required name=search_term_string"}],"inLanguage":"fr-FR"},{"@type":"ImageObject","@id":"https:\/\/rencontrescinemas.eu\/2025\/related\/concert\/#primaryimage","inLanguage":"fr-FR","url":"https:\/\/rencontrescinemas.eu\/2025\/wp-content\/uploads\/sites\/8\/2025\/11\/EBULLITION.jpg","contentUrl":"https:\/\/rencontrescinemas.eu\/2025\/wp-content\/uploads\/sites\/8\/2025\/11\/EBULLITION.jpg","width":2560,"height":1440},{"@type":"WebPage","@id":"https:\/\/rencontrescinemas.eu\/2025\/related\/concert\/#webpage","url":"https:\/\/rencontrescinemas.eu\/2025\/related\/concert\/","name":"Concert - Rencontres des cin\u00e9mas d&#039;Europe 2025","isPartOf":{"@id":"https:\/\/rencontrescinemas.eu\/2025\/#website"},"primaryImageOfPage":{"@id":"https:\/\/rencontrescinemas.eu\/2025\/related\/concert\/#primaryimage"},"datePublished":"2025-11-05T14:41:02+00:00","dateModified":"2025-11-05T14:41:02+00:00","breadcrumb":{"@id":"https:\/\/rencontrescinemas.eu\/2025\/related\/concert\/#breadcrumb"},"inLanguage":"fr-FR","potentialAction":[{"@type":"ReadAction","target":["https:\/\/rencontrescinemas.eu\/2025\/related\/concert\/"]}]},{"@type":"BreadcrumbList","@id":"https:\/\/rencontrescinemas.eu\/2025\/related\/concert\/#breadcrumb","itemListElement":[{"@type":"ListItem","position":1,"name":"Accueil","item":"https:\/\/rencontrescinemas.eu\/2025\/"},{"@type":"ListItem","position":2,"name":"Et aussi...","item":"https:\/\/rencontrescinemas.eu\/2025\/related\/"},{"@type":"ListItem","position":3,"name":"Concert"}]}]}},"_links":{"self":[{"href":"https:\/\/rencontrescinemas.eu\/2025\/wp-json\/wp\/v2\/related\/959","targetHints":{"allow":["GET"]}}],"collection":[{"href":"https:\/\/rencontrescinemas.eu\/2025\/wp-json\/wp\/v2\/related"}],"about":[{"href":"https:\/\/rencontrescinemas.eu\/2025\/wp-json\/wp\/v2\/types\/related"}],"wp:featuredmedia":[{"embeddable":true,"href":"https:\/\/rencontrescinemas.eu\/2025\/wp-json\/wp\/v2\/media\/960"}],"wp:attachment":[{"href":"https:\/\/rencontrescinemas.eu\/2025\/wp-json\/wp\/v2\/media?parent=959"}],"curies":[{"name":"wp","href":"https:\/\/api.w.org\/{rel}","templated":true}]}}